{"id":1682,"date":"2022-12-14T17:30:04","date_gmt":"2022-12-14T16:30:04","guid":{"rendered":"https:\/\/www.ernestpianotrio.com\/diskografie\/"},"modified":"2026-04-24T17:59:43","modified_gmt":"2026-04-24T15:59:43","slug":"diskografie","status":"publish","type":"page","link":"https:\/\/www.ernestpianotrio.com\/de\/diskografie\/","title":{"rendered":"Diskografie"},"content":{"rendered":"<p>[et_pb_section fb_built=&#8220;1&#8243; module_id=&#8220;entete-beige&#8220; _builder_version=&#8220;4.16&#8243; background_color=&#8220;#f1eee7&#8243; custom_padding=&#8220;0px||0px||false|false&#8220; global_colors_info=&#8220;{}&#8220;][et_pb_row column_structure=&#8220;1_4,3_4&#8243; _builder_version=&#8220;4.16&#8243; global_colors_info=&#8220;{}&#8220;][et_pb_column type=&#8220;1_4&#8243; _builder_version=&#8220;4.16&#8243; global_colors_info=&#8220;{}&#8220;][et_pb_post_title meta=&#8220;off&#8220; featured_image=&#8220;off&#8220; module_id=&#8220;entete-repertoire&#8220; _builder_version=&#8220;4.16&#8243; global_colors_info=&#8220;{}&#8220;][\/et_pb_post_title][\/et_pb_column][et_pb_column type=&#8220;3_4&#8243; _builder_version=&#8220;4.16&#8243; global_colors_info=&#8220;{}&#8220;][et_pb_text module_class=&#8220;intro&#8220; _builder_version=&#8220;4.16&#8243; custom_margin=&#8220;23px|||||&#8220; global_colors_info=&#8220;{}&#8220;]<\/p>\n<p>&#8222;The only really safe name is Ernest&#8220; (Der einzige wirklich sichere Name ist Ernest) Oscar Wilde, 1895.<\/p>\n<p>[\/et_pb_text][\/et_pb_column][\/et_pb_row][\/et_pb_section][et_pb_section fb_built=&#8220;1&#8243; _builder_version=&#8220;4.16&#8243; custom_padding=&#8220;|0px||||&#8220; global_colors_info=&#8220;{}&#8220;][et_pb_row _builder_version=&#8220;4.16&#8243; global_colors_info=&#8220;{}&#8220;][et_pb_column type=&#8220;4_4&#8243; _builder_version=&#8220;4.16&#8243; global_colors_info=&#8220;{}&#8220;][et_pb_text _builder_version=&#8220;4.27.0&#8243; text_font_size=&#8220;17px&#8220; custom_padding=&#8220;||5px|||&#8220; global_colors_info=&#8220;{}&#8220;]<\/p>\n<p style=\"text-align: center;\"><strong>THE WONDERFUL ADVENTURES OF AMANDA MAIER<\/strong><\/p>\n<p style=\"text-align: center;\"><strong><img loading=\"lazy\" decoding=\"async\" src=\"https:\/\/www.ernestpianotrio.com\/wp-content\/uploads\/2020\/01\/sep-prog.svg\" width=\"425\" height=\"11\" alt=\"\" class=\"wp-image-84 aligncenter size-large\"><\/strong><\/p>\n<p>[\/et_pb_text][\/et_pb_column][\/et_pb_row][et_pb_row column_structure=&#8220;2_5,3_5&#8243; _builder_version=&#8220;4.16&#8243; custom_padding=&#8220;||0px|||&#8220; global_colors_info=&#8220;{}&#8220;][et_pb_column type=&#8220;2_5&#8243; _builder_version=&#8220;4.16&#8243; global_colors_info=&#8220;{}&#8220;][et_pb_image src=&#8220;https:\/\/www.ernestpianotrio.com\/wp-content\/uploads\/2026\/01\/IMG_0144-scaled.jpeg&#8220; _builder_version=&#8220;4.27.0&#8243; width=&#8220;100%&#8220; custom_padding=&#8220;|0px||||&#8220; global_colors_info=&#8220;{}&#8220;][\/et_pb_image][et_pb_text _builder_version=&#8220;4.16&#8243; global_colors_info=&#8220;{}&#8220;][\/et_pb_text][\/et_pb_column][et_pb_column type=&#8220;3_5&#8243; _builder_version=&#8220;4.16&#8243; global_colors_info=&#8220;{}&#8220;][et_pb_text _builder_version=&#8220;4.16&#8243; text_text_color=&#8220;#000000&#8243; text_font_size=&#8220;17px&#8220; global_colors_info=&#8220;{}&#8220;]<\/p>\n<p style=\"text-align: justify;\">Amanda Maier hat das Musikleben ihrer Zeit gepr\u00e4gt, doch in sp\u00e4teren Jahrhunderten blieb ihr Name nicht erhalten. Das Ernest Trio \u00f6ffnet mit diesem Album, in dem Grieg, die Schumanns und Reinecke aufeinandertreffen, eine T\u00fcr zu ihrem sehr pers\u00f6nlichen musikalischen Universum. Im Mittelpunkt des Programms steht das wundersch\u00f6ne Trio in Es der Komponistin, das die deutsche Romantik mit der schwedischen Folklore verbindet, sowie die schwedischen Lieder und T\u00e4nze, denen die Nyckelharpa von \u00c9l\u00e9onore Billy, ein traditionelles Instrument, ihre ganze Farbe und ihren Charme verleiht.  <\/p>\n<p style=\"text-align: center;\"><a href=\"https:\/\/aparte.lnk.to\/trioernestamandamaier\">&gt;  Album anh\u00f6ren  &lt;<\/a><\/p>\n<p><strong><\/strong><\/p>\n<p style=\"text-align: justify;\">RELEASE TOUR :<\/p>\n<p style=\"text-align: justify;\"><span class=\"a_GcMg font-feature-liga-off font-feature-clig-off font-feature-calt-off text-decoration-none text-strikethrough-none\"><\/span><strong><span class=\"a_GcMg font-feature-liga-off font-feature-clig-off font-feature-calt-off text-decoration-none text-strikethrough-none\"><\/span><\/strong><strong><span class=\"a_GcMg font-feature-liga-off font-feature-clig-off font-feature-calt-off text-decoration-none text-strikethrough-none\">17.01<\/span><\/strong><span class=\"a_GcMg font-feature-liga-off font-feature-clig-off font-feature-calt-off text-decoration-none text-strikethrough-none\"> France Musique<br \/><\/span> <strong><span class=\"a_GcMg font-feature-liga-off font-feature-clig-off font-feature-calt-off text-decoration-none text-strikethrough-none\">18.01 <\/span><\/strong><span class=\"a_GcMg font-feature-liga-off font-feature-clig-off font-feature-calt-off text-decoration-none text-strikethrough-none\">Yverdon (CH)<br \/><\/span> <strong><span class=\"a_GcMg font-feature-liga-off font-feature-clig-off font-feature-calt-off text-decoration-none text-strikethrough-none\">15.02 <\/span><\/strong><span class=\"a_GcMg font-feature-liga-off font-feature-clig-off font-feature-calt-off text-decoration-none text-strikethrough-none\">Paris (FR)<br \/><\/span> <strong><span class=\"a_GcMg font-feature-liga-off font-feature-clig-off font-feature-calt-off text-decoration-none text-strikethrough-none\">16.02 <\/span><\/strong><span class=\"a_GcMg font-feature-liga-off font-feature-clig-off font-feature-calt-off text-decoration-none text-strikethrough-none\">Paris (FR)<br \/><\/span> <strong><span class=\"a_GcMg font-feature-liga-off font-feature-clig-off font-feature-calt-off text-decoration-none text-strikethrough-none\">06.03<\/span><\/strong><span class=\"a_GcMg font-feature-liga-off font-feature-clig-off font-feature-calt-off text-decoration-none text-strikethrough-none\"> Cherbourg (FR)<br \/><\/span><strong><span class=\"a_GcMg font-feature-liga-off font-feature-clig-off font-feature-calt-off text-decoration-none text-strikethrough-none\">15.03 <\/span><\/strong><span class=\"a_GcMg font-feature-liga-off font-feature-clig-off font-feature-calt-off text-decoration-none text-strikethrough-none\">Genf (CH)<br \/><\/span> <strong><span class=\"a_GcMg font-feature-liga-off font-feature-clig-off font-feature-calt-off text-decoration-none text-strikethrough-none\">25.04 <\/span><\/strong><span class=\"a_GcMg font-feature-liga-off font-feature-clig-off font-feature-calt-off text-decoration-none text-strikethrough-none\">Goms (CH)<br \/><\/span> <strong><span class=\"a_GcMg font-feature-liga-off font-feature-clig-off font-feature-calt-off text-decoration-none text-strikethrough-none\">26.04<\/span><\/strong><span class=\"a_GcMg font-feature-liga-off font-feature-clig-off font-feature-calt-off text-decoration-none text-strikethrough-none\"> Vich (CH)<\/span> <span style=\"font-size: 17px; text-align: justify;\"><\/span><\/p>\n<p style=\"text-align: justify;\"><span style=\"font-size: 17px; text-align: center;\"><\/span><\/p>\n<p>[\/et_pb_text][\/et_pb_column][\/et_pb_row][et_pb_row column_structure=&#8220;1_3,2_3&#8243; _builder_version=&#8220;4.16&#8243; locked=&#8220;off&#8220; global_colors_info=&#8220;{}&#8220;][et_pb_column type=&#8220;1_3&#8243; _builder_version=&#8220;4.16&#8243; global_colors_info=&#8220;{}&#8220;][et_pb_image src=&#8220;https:\/\/www.ernestpianotrio.com\/wp-content\/uploads\/2026\/02\/IMG_0236-300&#215;117.jpeg&#8220; align=&#8220;center&#8220; _builder_version=&#8220;4.27.0&#8243; global_colors_info=&#8220;{}&#8220;][\/et_pb_image][\/et_pb_column][et_pb_column type=&#8220;2_3&#8243; _builder_version=&#8220;4.16&#8243; global_colors_info=&#8220;{}&#8220;][et_pb_text _builder_version=&#8220;4.27.0&#8243; global_colors_info=&#8220;{}&#8220;]<\/p>\n<p style=\"text-align: left;\"><span>&#8222;Die Idee der Ernests, das <em>Trio<\/em> von Amanda Maier mit Werken von Grieg, Reinecke und dem Ehepaar Schumann, die alle ihre Freunde waren, zu kombinieren, ist sehr gut. Die Komponistin, Geigerin und Dirigentin, die im Alter von 41 Jahren an Tuberkulose starb, schrieb zusammen mit ihrem Mann Julius Rontg\u00ebn das Werk <em>Airs et danses su\u00e9dois op.6<\/em>, das von \u00c9l\u00e9onore Billy und ihrer Nyckelharpa, einer Art Tastenfiedel, vorgetragen wurde.  Diese originelle Zusammenstellung romantischer Seiten ist ideal f\u00fcr ein Kaminfeuer und d\u00fcrfte am Montag in der holzget\u00e4felten Salle Cortot in Paris, wo das franz\u00f6sisch-schweizerische Trio erwartet wird, ebenso gut wirken.  <\/span><span>&#8222;Eric Dahan in Plus vite que la musique, la s\u00e9lection des albums de la semaine de Lib\u00e9ration, 13. Februar 2026.<\/span><\/p>\n<p>[\/et_pb_text][\/et_pb_column][\/et_pb_row][et_pb_row column_structure=&#8220;1_3,2_3&#8243; _builder_version=&#8220;4.16&#8243; locked=&#8220;off&#8220; global_colors_info=&#8220;{}&#8220;][et_pb_column type=&#8220;1_3&#8243; _builder_version=&#8220;4.16&#8243; global_colors_info=&#8220;{}&#8220;][et_pb_image src=&#8220;https:\/\/www.ernestpianotrio.com\/wp-content\/uploads\/2026\/03\/En-tete-300&#215;188.png&#8220; align=&#8220;center&#8220; _builder_version=&#8220;4.27.0&#8243; global_colors_info=&#8220;{}&#8220;][\/et_pb_image][\/et_pb_column][et_pb_column type=&#8220;2_3&#8243; _builder_version=&#8220;4.16&#8243; global_colors_info=&#8220;{}&#8220;][et_pb_text _builder_version=&#8220;4.27.0&#8243; global_colors_info=&#8220;{}&#8220;]<\/p>\n<p><span>&#8222;So wird es gemacht! Amanda Maier und ihre Musik [&#8230;] aus Ihrem Album der Woche, Trio Ernest und ihre neueste Ver\u00f6ffentlichung. Sie sind in Genf ans\u00e4ssig und ein wirklich au\u00dfergew\u00f6hnliches Trio. Sie haben f\u00fcr diese Aufnahme Eleonore Billy eingeladen, die die Nyckelharpa spielt, und daher kommt der twaggy Metallsound dieser Aufnahme, ein wundersch\u00f6nes Instrument.&#8220; Megan Burslem, Classic Breakfast. Album der Woche ABC Classic (Australien).   <\/span><\/p>\n<p>[\/et_pb_text][\/et_pb_column][\/et_pb_row][et_pb_row column_structure=&#8220;1_3,2_3&#8243; _builder_version=&#8220;4.16&#8243; locked=&#8220;off&#8220; global_colors_info=&#8220;{}&#8220;][et_pb_column type=&#8220;1_3&#8243; _builder_version=&#8220;4.16&#8243; global_colors_info=&#8220;{}&#8220;][et_pb_image src=&#8220;https:\/\/www.ernestpianotrio.com\/wp-content\/uploads\/2026\/02\/De-Keuze-van-Klara-1800-x-1000-px-2-300&#215;188.png&#8220; align=&#8220;center&#8220; _builder_version=&#8220;4.27.0&#8243; global_colors_info=&#8220;{}&#8220;][\/et_pb_image][\/et_pb_column][et_pb_column type=&#8220;2_3&#8243; _builder_version=&#8220;4.16&#8243; global_colors_info=&#8220;{}&#8220;][et_pb_text _builder_version=&#8220;4.27.0&#8243; global_colors_info=&#8220;{}&#8220;]<\/p>\n<p style=\"text-align: left;\"><span>&#8222;Das Ernest Trio pr\u00e4sentiert eine wunderbare, feinf\u00fchlige Hommage, die mit einer Auswahl von Werken von Amanda Maier, Schumann und Reinecke einen Einblick in das Leben dieser au\u00dfergew\u00f6hnlichen Frau bietet. [&#8230;] Das Ernest Trio spielt diese Musik mit gro\u00dfem Elan.  Ich sp\u00fcre eine gro\u00dfe Hingabe ihrerseits an dieses Werk: Sie wollen ihm voll und ganz gerecht werden.  <\/span><span>&#8222;Klaras Wahl, Album der Woche des belgischen Radiosenders Klara (VRT), Carlo Siau und Kathleen van Bavel.  <\/span><span> <a href=\"https:\/\/www.vrt.be\/vrtmax\/luister\/radio\/d\/de-keuze-van-klara~31-202\/de-keuze-van-klara~31-29890-0\/fragment~5b04e020-25f3-46e7-9436-d2d45cd0314a\/\">&gt;  Chronik anh\u00f6ren  &lt;<\/a><\/span><\/p>\n<p>[\/et_pb_text][\/et_pb_column][\/et_pb_row][et_pb_row column_structure=&#8220;1_3,2_3&#8243; _builder_version=&#8220;4.16&#8243; locked=&#8220;off&#8220; global_colors_info=&#8220;{}&#8220;][et_pb_column type=&#8220;1_3&#8243; _builder_version=&#8220;4.16&#8243; global_colors_info=&#8220;{}&#8220;][et_pb_image src=&#8220;https:\/\/www.ernestpianotrio.com\/wp-content\/uploads\/2026\/04\/En-tete-2.png&#8220; align=&#8220;center&#8220; _builder_version=&#8220;4.27.0&#8243; hover_enabled=&#8220;0&#8243; global_colors_info=&#8220;{}&#8220; sticky_enabled=&#8220;0&#8243;][\/et_pb_image][\/et_pb_column][et_pb_column type=&#8220;2_3&#8243; _builder_version=&#8220;4.16&#8243; global_colors_info=&#8220;{}&#8220;][et_pb_text _builder_version=&#8220;4.27.0&#8243; hover_enabled=&#8220;0&#8243; global_colors_info=&#8220;{}&#8220; sticky_enabled=&#8220;0&#8243;]<\/p>\n<p><span>&#8222;Trio Ernest geht bei der Programmierung dieser Ver\u00f6ffentlichung einen erfinderischen Weg und entwirft ein biographisches Portr\u00e4t der deutsch-schwedischen Komponistin Amanda Maier, die eine tiefe Verbindung zu den Kulturen beider L\u00e4nder hatte. Sie ist eine Freude zu entdecken. [&#8230;] Trio Ernest f\u00fchrt sie mit knackiger, dynamischer Energie auf. Maiers Schreiben ist komplex und doch organisch; ihre Texturen widersetzen sich einfachen Bezeichnungen wie Homophonie oder Polyphonie und verschieben sich st\u00e4ndig. Die Spieler interpretieren diese Nuancen sensibel, wie z.B. in den Call-and-Response-Gesten des Hauptthemas des ersten Satzes. Im lyrischen dritten Satz flie\u00dfen die Instrumente zusammen und fallen in einen sich st\u00e4ndig ver\u00e4ndernden melodischen Tanz, der einen kurzen, aber kraftvollen H\u00f6hepunkt erreicht, wenn die Violine und die Cello in Einklang miteinander spielen. Das Finale ist fr\u00f6hlich, mit einer weiteren beeindruckenden kollaborativen Enunciation der Hauptmelodie, diesmal mit dem Klavier. [&#8230;] Das eloquente Konzept, die F\u00e4higkeiten der Musiker und die Klangqualit\u00e4t sind alle ausgezeichnet und machen dieses Album lohnenswert.         <\/span><span>&#8222;Jane Harrison, Editor&#8217;s Choice und 5 Sterne auf AllMusic.  <\/span><span> <a href=\"https:\/\/www.allmusic.com\/album\/the-wonderful-adventures-of-amanda-maier-mw0004650261\">&gt;  Lesen Sie den Artikel  &lt;<\/a><\/span><\/p>\n<p>[\/et_pb_text][\/et_pb_column][\/et_pb_row][et_pb_row column_structure=&#8220;1_3,2_3&#8243; _builder_version=&#8220;4.16&#8243; locked=&#8220;off&#8220; global_colors_info=&#8220;{}&#8220;][et_pb_column type=&#8220;1_3&#8243; _builder_version=&#8220;4.16&#8243; global_colors_info=&#8220;{}&#8220;][et_pb_image src=&#8220;https:\/\/www.ernestpianotrio.com\/wp-content\/uploads\/2026\/01\/IMG_0222-300&#215;167.jpeg&#8220; align=&#8220;center&#8220; _builder_version=&#8220;4.27.0&#8243; global_colors_info=&#8220;{}&#8220;][\/et_pb_image][\/et_pb_column][et_pb_column type=&#8220;2_3&#8243; _builder_version=&#8220;4.16&#8243; global_colors_info=&#8220;{}&#8220;][et_pb_text _builder_version=&#8220;4.27.0&#8243; global_colors_info=&#8220;{}&#8220;]<\/p>\n<p style=\"text-align: left;\"><span>&#8222;Das Ernest Trio pr\u00e4sentiert die Kompositionen von Amanda Maier mit gro\u00dfer Tiefe und Emotion, und der Klang der Nyckelharpa verleiht dem Album zus\u00e4tzliche Nuancen, die fein ausgearbeitet und reich an Farben sind.  <\/span><span>[&#8230;]  <\/span><span>Eine musikalisch spannende und sehr abwechslungsreiche Aufnahme&#8220;. Album des Tages aus der Sendung Vorgestellt, Daniela Fietzek.   <\/span><span> <a href=\"https:\/\/oe1.orf.at\/programm\/20260129\/820186\/Trio-Ernest-spielt-Amanda-Maier\">&gt;  Chronik anh\u00f6ren  &lt;<\/a><\/span><\/p>\n<p>[\/et_pb_text][\/et_pb_column][\/et_pb_row][et_pb_row column_structure=&#8220;1_3,2_3&#8243; _builder_version=&#8220;4.16&#8243; locked=&#8220;off&#8220; global_colors_info=&#8220;{}&#8220;][et_pb_column type=&#8220;1_3&#8243; _builder_version=&#8220;4.16&#8243; global_colors_info=&#8220;{}&#8220;][et_pb_image src=&#8220;https:\/\/www.ernestpianotrio.com\/wp-content\/uploads\/2026\/02\/IMG_0228-300&#215;156.jpeg&#8220; align=&#8220;center&#8220; _builder_version=&#8220;4.27.0&#8243; global_colors_info=&#8220;{}&#8220;][\/et_pb_image][\/et_pb_column][et_pb_column type=&#8220;2_3&#8243; _builder_version=&#8220;4.16&#8243; global_colors_info=&#8220;{}&#8220;][et_pb_text _builder_version=&#8220;4.27.0&#8243; global_colors_info=&#8220;{}&#8220;]<\/p>\n<p style=\"text-align: left;\"><span>&#8222;Die beiden Streicher Stanislas Gosset und Cl\u00e9ment Dami sowie die Pianistin Natasha Roque Alsina vom Trio Ernest lassen ihre Stimmen zu einer Einheit verschmelzen. [&#8230;] Das Ernest Trio spielt auf ber\u00fchrende Weise, mit einem sehr feinen Gesp\u00fcr f\u00fcr kleine Verlangsamungen und Aussetzungen. Aber die Musik h\u00f6rt nie auf, sie bleibt immer in Bewegung, immer im Fluss. [&#8230;] Die Aufnahme verleiht dem klassischen Repertoire einen ganz besonderen Klang, nicht nur wegen der Farbe der Nyckelharpa, sondern auch wegen der Entdeckung eines bemerkenswerten Repertoires. Das Trio von Amanda Maier-R\u00f6ntgen ist ein Meisterwerk der Kammermusik&#8220;. Album des Tages von Neue Klassik-Alben, Marcus St\u00e4bler.  <\/span><a href=\"https:\/\/www1.wdr.de\/mediathek\/audio\/wdr3\/hoerstoff\/audio-eine-echte-entdeckung-amanda-maier-roentgens-klaviertrio-es-dur-100.html\"><span>&gt;  Chronik anh\u00f6ren  &lt;<\/span><\/a><\/p>\n<p>[\/et_pb_text][\/et_pb_column][\/et_pb_row][et_pb_row column_structure=&#8220;1_3,2_3&#8243; _builder_version=&#8220;4.16&#8243; locked=&#8220;off&#8220; global_colors_info=&#8220;{}&#8220;][et_pb_column type=&#8220;1_3&#8243; _builder_version=&#8220;4.16&#8243; global_colors_info=&#8220;{}&#8220;][et_pb_image src=&#8220;https:\/\/www.ernestpianotrio.com\/wp-content\/uploads\/2026\/01\/IMG_0219-300&#215;82.png&#8220; align=&#8220;center&#8220; _builder_version=&#8220;4.27.0&#8243; global_colors_info=&#8220;{}&#8220;][\/et_pb_image][\/et_pb_column][et_pb_column type=&#8220;2_3&#8243; _builder_version=&#8220;4.16&#8243; global_colors_info=&#8220;{}&#8220;][et_pb_text _builder_version=&#8220;4.27.0&#8243; custom_padding=&#8220;0px|||||&#8220; global_colors_info=&#8220;{}&#8220;]<\/p>\n<p><span>&#8222;Ein k\u00f6stliches Album, das einen Einblick in das Leben und Werk der schwedischen Komponistin Amanda Maier gibt&#8220; Supernova Selection, In\u00eas Almeida.  <a href=\"https:\/\/antena2.rtp.pt\/antena-2\/as-aventuras-de-amanda-maier-o-ultimo-stravinsky-e-zelenka-desconhecido\/\">&gt;  Chronik anh\u00f6ren  &lt;<\/a><\/span><span><\/span><\/p>\n<p>[\/et_pb_text][\/et_pb_column][\/et_pb_row][et_pb_row _builder_version=&#8220;4.27.0&#8243; _module_preset=&#8220;default&#8220; global_colors_info=&#8220;{}&#8220;][et_pb_column type=&#8220;4_4&#8243; _builder_version=&#8220;4.27.0&#8243; _module_preset=&#8220;default&#8220; global_colors_info=&#8220;{}&#8220;][et_pb_text _builder_version=&#8220;4.27.0&#8243; _module_preset=&#8220;default&#8220; global_colors_info=&#8220;{}&#8220;]<\/p>\n<p><span> <\/span><\/p>\n<div class=\"yotu-playlist yotuwp yotu-limit-min yotu-limit-max yotu-player-full yotu-thumb-43 yotu-template-grid\" data-page=\"1\" id=\"yotuwp-69ac407804baa\" data-yotu=\"69ac40781ef3a\" data-total=\"1\" data-settings=\"eyJ0eXBlIjoidmlkZW9zIiwiaWQiOiJjcVF5Q0VTUnE4USxiNFFGN3R4RlFRMCxfSEMyRWhWcUxTSSIsInBhZ2luYXRpb24iOiJvbiIsInBhZ2l0eXBlIjoicGFnZXIiLCJjb2x1bW4iOiI0IiwicGVyX3BhZ2UiOiIxMiIsInRlbXBsYXRlIjoiZ3JpZCIsInRpdGxlIjoib24iLCJkZXNjcmlwdGlvbiI6Im9uIiwidGh1bWJyYXRpbyI6IjQzIiwibWV0YSI6Im9mZiIsIm1ldGFfZGF0YSI6Im9mZiIsIm1ldGFfcG9zaXRpb24iOiJvZmYiLCJkYXRlX2Zvcm1hdCI6Im9mZiIsIm1ldGFfYWxpZ24iOiJvZmYiLCJzdWJzY3JpYmUiOiJvZmYiLCJkdXJhdGlvbiI6Im9mZiIsIm1ldGFfaWNvbiI6Im9mZiIsIm5leHR0ZXh0IjoiIiwicHJldnRleHQiOiIiLCJsb2FkbW9yZXRleHQiOiIiLCJwbGF5ZXIiOnsibW9kZSI6ImxhcmdlIiwid2lkdGgiOjAsInNjcm9sbGluZyI6IjEwMCIsImF1dG9wbGF5IjowLCJjb250cm9scyI6MSwibW9kZXN0YnJhbmRpbmciOjEsImxvb3AiOjAsImF1dG9uZXh0IjowLCJzaG93aW5mbyI6MSwicmVsIjoxLCJwbGF5aW5nIjowLCJwbGF5aW5nX2Rlc2NyaXB0aW9uIjowLCJ0aHVtYm5haWxzIjowLCJjY19sb2FkX3BvbGljeSI6IjEiLCJjY19sYW5nX3ByZWYiOiIxIiwiaGwiOiIiLCJpdl9sb2FkX3BvbGljeSI6IjEifSwibGFzdF90YWIiOiJhcGkiLCJ1c2VfYXNfbW9kYWwiOiJvZmYiLCJtb2RhbF9pZCI6Im9mZiIsImxhc3RfdXBkYXRlIjoiMTcxNTg3MDEzOCIsInN0eWxpbmciOnsicGFnZXJfbGF5b3V0IjoiZGVmYXVsdCIsImJ1dHRvbiI6IjEiLCJidXR0b25fY29sb3IiOiIiLCJidXR0b25fYmdfY29sb3IiOiIiLCJidXR0b25fY29sb3JfaG92ZXIiOiIiLCJidXR0b25fYmdfY29sb3JfaG92ZXIiOiIiLCJ2aWRlb19zdHlsZSI6IiIsInBsYXlpY29uX2NvbG9yIjoiIiwiaG92ZXJfaWNvbiI6IiIsImdhbGxlcnlfYmciOiIifSwiZWZmZWN0cyI6eyJ2aWRlb19ib3giOiIiLCJmbGlwX2VmZmVjdCI6IiJ9LCJnYWxsZXJ5X2lkIjoiNjlhYzQwNzgwNGJhYSJ9\" data-player=\"large\" data-showdesc=\"on\">\n<div>\n<div class=\"yotu-wrapper-player\">\n<div class=\"yotu-player\"><iframe loading=\"lazy\" class=\"yotu-video-placeholder\" id=\"yotu-player-69ac40781ef3a\" frameborder=\"0\" allowfullscreen=\"\" allow=\"accelerometer; autoplay; clipboard-write; encrypted-media; gyroscope; picture-in-picture; web-share\" referrerpolicy=\"strict-origin-when-cross-origin\" title=\"Amanda Maier: Klaviertrio in E-Flat Major: III. Andante\" width=\"1000\" height=\"600\" src=\"https:\/\/www.youtube.com\/embed\/cqQyCESRq8Q?controls=1&amp;modestbranding=1&amp;loop=0&amp;autonext=0&amp;showinfo=1&amp;rel=1&amp;thumbnails=0&amp;cc_load_policy=1&amp;cc_lang_pref=1&amp;hl&amp;iv_load_policy=1&amp;widget_referrer=https%3A%2F%2Fwww.ernestpianotrio.com%2F%3Fet_pb_preview%3Dtrue%26et_pb_preview_nonce%3D7de578408e%26iframe_id%3Det-fb-preview-1772896372820-252&amp;enablejsapi=1&amp;origin=https%3A%2F%2Fwww.ernestpianotrio.com&amp;widgetid=1&amp;forigin=https%3A%2F%2Fwww.ernestpianotrio.com%2F%3Fet_pb_preview%3Dtrue%26et_pb_preview_nonce%3D7de578408e%26iframe_id%3Det-fb-preview-1772896372820-252&amp;aoriginsup=1&amp;aorigins=https%3A%2F%2Fwww.ernestpianotrio.com%2Chttps%3A%2F%2Fwww.ernestpianotrio.com&amp;gporigin=https%3A%2F%2Fwww.ernestpianotrio.com%2F%3Fet_pb_preview%3Dtrue%26et_pb_preview_nonce%3D7de578408e%26iframe_id%3Det-fb-preview-1772896372820-252&amp;vf=6\"><\/iframe><\/div>\n<div class=\"yotu-playing-status\"><\/div>\n<\/div>\n<div class=\"yotu-pagination yotu-hide yotu-pager_layout-default yotu-pagination-top\"><a href=\"#\" class=\"yotu-pagination-prev yotu-button-prs yotu-button-prs-1\" data-page=\"prev\">Prev<\/a> <span class=\"yotu-pagination-current\">1<\/span> <span>von<\/span> <span class=\"yotu-pagination-total\">1<\/span> <a href=\"#\" class=\"yotu-pagination-next yotu-button-prs yotu-button-prs-1\" data-page=\"next\">Next<\/a><\/div>\n<div class=\"yotu-videos yotu-mode-grid yotu-column-4 yotu-player-mode-large\">\n<ul>\n<li class=\" yotu-first\">\n<div class=\"yotu-video-thumb-wrp\">\n<div><img decoding=\"async\" class=\"yotu-video-thumb\" src=\"https:\/\/i.ytimg.com\/vi\/cqQyCESRq8Q\/sddefault.jpg\" alt=\"Amanda Maier: Klaviertrio in E-Flat Major: III. Andante\"><\/div>\n<\/div>\n<h3 class=\"yotu-video-title\">Amanda Maier: Klaviertrio in E-Flat Major: III. Andante <\/h3>\n<\/li>\n<li class=\"\">\n<div class=\"yotu-video-thumb-wrp\">\n<div><img decoding=\"async\" class=\"yotu-video-thumb\" src=\"https:\/\/i.ytimg.com\/vi\/b4QF7txFQQ0\/sddefault.jpg\" alt=\"Maier\/R\u00f6ntgen: Schwedische Weisen und T\u00e4nze op.6 Nr.4\"><\/div>\n<\/div>\n<h3 class=\"yotu-video-title\">Maier\/R\u00f6ntgen: Schwedische Weisen und T\u00e4nze op.6 Nr.4<\/h3>\n<\/li>\n<li class=\" yotu-last\">\n<div class=\"yotu-video-thumb-wrp\">\n<div><img decoding=\"async\" class=\"yotu-video-thumb\" src=\"https:\/\/i.ytimg.com\/vi\/_HC2EhVqLSI\/sddefault.jpg\" alt=\"Musik: Das Ernest Trio l\u00e4sst die Melodien von Amanda Maier erklingen\"><\/div>\n<\/div>\n<h3 class=\"yotu-video-title\">Musik: Das Ernest Trio l\u00e4sst die Melodien von Amanda Maier erklingen<\/h3>\n<\/li>\n<\/ul>\n<\/div>\n<div class=\"yotu-pagination yotu-hide yotu-pager_layout-default yotu-pagination-bottom\"><a href=\"#\" class=\"yotu-pagination-prev yotu-button-prs yotu-button-prs-1\" data-page=\"prev\">Prev<\/a> <span class=\"yotu-pagination-current\">1<\/span> <span>von<\/span> <span class=\"yotu-pagination-total\">1<\/span> <a href=\"#\" class=\"yotu-pagination-next yotu-button-prs yotu-button-prs-1\" data-page=\"next\">Next<\/a><\/div>\n<\/div>\n<\/div>\n<p>&nbsp;<\/p>\n<p>[\/et_pb_text][\/et_pb_column][\/et_pb_row][et_pb_row _builder_version=&#8220;4.16&#8243; global_colors_info=&#8220;{}&#8220;][et_pb_column type=&#8220;4_4&#8243; _builder_version=&#8220;4.16&#8243; global_colors_info=&#8220;{}&#8220;][et_pb_text _builder_version=&#8220;4.16&#8243; text_font_size=&#8220;17px&#8220; custom_padding=&#8220;||5px|||&#8220; global_colors_info=&#8220;{}&#8220;]<\/p>\n<p style=\"text-align: center;\"><strong>HAYDN ALL-STARS<\/strong><\/p>\n<p style=\"text-align: center;\"><strong><img loading=\"lazy\" decoding=\"async\" src=\"https:\/\/www.ernestpianotrio.com\/wp-content\/uploads\/2020\/01\/sep-prog.svg\" width=\"425\" height=\"11\" alt=\"\" class=\"wp-image-84 aligncenter size-large\"><\/strong><\/p>\n<p>[\/et_pb_text][\/et_pb_column][\/et_pb_row][et_pb_row column_structure=&#8220;2_5,3_5&#8243; _builder_version=&#8220;4.16&#8243; global_colors_info=&#8220;{}&#8220;][et_pb_column type=&#8220;2_5&#8243; _builder_version=&#8220;4.16&#8243; global_colors_info=&#8220;{}&#8220;][et_pb_image src=&#8220;https:\/\/www.ernestpianotrio.com\/wp-content\/uploads\/2023\/12\/ap341-scaled.jpg&#8220; _builder_version=&#8220;4.16&#8243; width=&#8220;100%&#8220; custom_padding=&#8220;|0px||||&#8220; global_colors_info=&#8220;{}&#8220;][\/et_pb_image][et_pb_text _builder_version=&#8220;4.16&#8243; global_colors_info=&#8220;{}&#8220;][\/et_pb_text][\/et_pb_column][et_pb_column type=&#8220;3_5&#8243; _builder_version=&#8220;4.16&#8243; global_colors_info=&#8220;{}&#8220;][et_pb_text _builder_version=&#8220;4.16&#8243; text_text_color=&#8220;#000000&#8243; text_font_size=&#8220;17px&#8220; global_colors_info=&#8220;{}&#8220;]<\/p>\n<p style=\"text-align: justify;\">Am Himmel der klassischen Musik thront der Stern Haydn, ein kreatives Genie, dessen grenzenlose Fantasie bis in die Gegenwart strahlt. Auf seiner ersten CD versammelt das Ernest Trio die St\u00fccke, die ihm im Orbit von Lieber Joseph begegnet sind, von Brahms \u00fcber Ravel bis hin zu Jacqueline Fontyn, und spinnt so einen Faden der Meisterwerke f\u00fcr Klaviertrio. Erschienen am 19. Januar 2024 bei dem Label Apart\u00e9.<\/p>\n<p style=\"text-align: center;\"><span style=\"font-size: 17px; text-align: justify;\"><\/span><\/p>\n<p style=\"text-align: justify;\"><span style=\"font-size: 17px; text-align: center;\"><\/span><\/p>\n<p style=\"text-align: center;\"><iframe style=\"border: 0; width: 400px; height: 120px;\" src=\"https:\/\/bandcamp.com\/EmbeddedPlayer\/album=998419774\/size=large\/bgcol=ffffff\/linkcol=0687f5\/tracklist=false\/artwork=small\/transparent=true\/\" seamless=\"\"><a href=\"https:\/\/apartemusic.bandcamp.com\/album\/haydn-all-stars-haydn-ravel-fontyn-brahms\">Haydn All-Stars (Haydn, Ravel, Fontyn, Brahms) von Trio Ernest<\/a><\/iframe>[\/et_pb_text][\/et_pb_column][\/et_pb_row][et_pb_row column_structure=&#8220;1_3,2_3&#8243; _builder_version=&#8220;4.16&#8243; global_colors_info=&#8220;{}&#8220;][et_pb_column type=&#8220;1_3&#8243; _builder_version=&#8220;4.16&#8243; global_colors_info=&#8220;{}&#8220;][et_pb_image src=&#8220;https:\/\/www.ernestpianotrio.com\/wp-content\/uploads\/2024\/04\/editors-choice-Gramophone.png&#8220; align=&#8220;center&#8220; _builder_version=&#8220;4.16&#8243; global_colors_info=&#8220;{}&#8220;][\/et_pb_image][\/et_pb_column][et_pb_column type=&#8220;2_3&#8243; _builder_version=&#8220;4.16&#8243; global_colors_info=&#8220;{}&#8220;][et_pb_text _builder_version=&#8220;4.16&#8243; global_colors_info=&#8220;{}&#8220;]<\/p>\n<p style=\"text-align: justify;\">&#8222;Die Haydn-Lesungen sind periodisch, mit einer fantastischen Freshness, Energie und Farbpalette. [&#8230;] Ein starkes Deb\u00fct, und ich hoffe, in Zukunft mehr von diesen dreien auf Apart\u00e9 zu sehen&#8220; Charlotte Gardner<\/p>\n<p>[\/et_pb_text][\/et_pb_column][\/et_pb_row][et_pb_row column_structure=&#8220;1_3,2_3&#8243; _builder_version=&#8220;4.16&#8243; global_colors_info=&#8220;{}&#8220;][et_pb_column type=&#8220;1_3&#8243; _builder_version=&#8220;4.16&#8243; global_colors_info=&#8220;{}&#8220;][et_pb_image src=&#8220;https:\/\/www.ernestpianotrio.com\/wp-content\/uploads\/2024\/04\/troph\u00e9e-radio-classique.png&#8220; align=&#8220;center&#8220; _builder_version=&#8220;4.16&#8243; max_width=&#8220;100px&#8220; global_colors_info=&#8220;{}&#8220;][\/et_pb_image][\/et_pb_column][et_pb_column type=&#8220;2_3&#8243; _builder_version=&#8220;4.16&#8243; global_colors_info=&#8220;{}&#8220;][et_pb_text _builder_version=&#8220;4.16&#8243; global_colors_info=&#8220;{}&#8220;]<\/p>\n<p style=\"text-align: justify;\"><span>&#8222;Ihre Interpretation ist nie fehlerhaft: von gro\u00dfer Reinheit, raffiniert und gerne wirbelnd, perfekt aufgenommen, l\u00e4sst sie uns auf weitere \u00dcberraschungen dieser Art hoffen!&#8220; J\u00e9r\u00e9mie Bigorie<\/span><\/p>\n<p style=\"text-align: center;\"><span><a href=\"https:\/\/www.radioclassique.fr\/classique\/recompenses\/le-trio-ernest-gravite-autour-de-lastre-haydn\/\" target=\"_blank\" rel=\"noopener noreferrer\">&gt;  Radio Classique  &lt;<\/a><\/span><\/p>\n<p>[\/et_pb_text][\/et_pb_column][\/et_pb_row][et_pb_row column_structure=&#8220;1_3,2_3&#8243; _builder_version=&#8220;4.16&#8243; global_colors_info=&#8220;{}&#8220;][et_pb_column type=&#8220;1_3&#8243; _builder_version=&#8220;4.16&#8243; global_colors_info=&#8220;{}&#8220;][et_pb_image src=&#8220;https:\/\/www.ernestpianotrio.com\/wp-content\/uploads\/2024\/03\/5-diapasons-d\u00e9tour\u00e9.png&#8220; align=&#8220;center&#8220; _builder_version=&#8220;4.16&#8243; max_width=&#8220;150px&#8220; global_colors_info=&#8220;{}&#8220;][\/et_pb_image][\/et_pb_column][et_pb_column type=&#8220;2_3&#8243; _builder_version=&#8220;4.16&#8243; global_colors_info=&#8220;{}&#8220;][et_pb_text _builder_version=&#8220;4.16&#8243; global_colors_info=&#8220;{}&#8220;]<\/p>\n<p style=\"text-align: justify;\">&#8222;Alle Wiederholungen werden hier beachtet, sie sind immer verziert, insbesondere an jedem Orgelpunkt, bis hin zu einer improvisierten Kadenz auf dem Klavier. [&#8230;] Das Finale ist st\u00fcrmischer, mit st\u00e4rkeren Gegens\u00e4tzen in den Nuancen, die eher in Richtung <em>Sturm und Drang <\/em>als in Richtung spielerischer Leichtigkeit gehen. &#8222;Thomas Herreng<\/p>\n<p>[\/et_pb_text][\/et_pb_column][\/et_pb_row][et_pb_row column_structure=&#8220;1_3,2_3&#8243; _builder_version=&#8220;4.16&#8243; global_colors_info=&#8220;{}&#8220;][et_pb_column type=&#8220;1_3&#8243; _builder_version=&#8220;4.16&#8243; global_colors_info=&#8220;{}&#8220;][et_pb_image src=&#8220;https:\/\/www.ernestpianotrio.com\/wp-content\/uploads\/2024\/04\/France_Musique.png&#8220; align=&#8220;center&#8220; _builder_version=&#8220;4.16&#8243; max_width=&#8220;100px&#8220; global_colors_info=&#8220;{}&#8220;][\/et_pb_image][\/et_pb_column][et_pb_column type=&#8220;2_3&#8243; _builder_version=&#8220;4.16&#8243; global_colors_info=&#8220;{}&#8220;][et_pb_text _builder_version=&#8220;4.16&#8243; global_colors_info=&#8220;{}&#8220;]<\/p>\n<p style=\"text-align: justify;\">&#8222;Eine Vision voller Licht, Freiheit, Enthusiasmus und Humor [&#8230;] Eine sehr sch\u00f6ne CD [die] von Bedeutung sein wird.&#8220; Haydn All-Stars &#8222;Klassische Platte des Tages&#8220; in der Sendung &#8222;En pistes!&#8220; von Emilie Munera und Rodolphe Bruneau-Boulmier.<\/p>\n<p style=\"text-align: center;\"><a href=\"https:\/\/www.radiofrance.fr\/francemusique\/podcasts\/le-disque-classique-du-jour\/haydn-all-stars-haydn-ravel-fontyn-brahms-trio-ernest-6993110\" target=\"_blank\" rel=\"noopener noreferrer\">&gt;  Chronik anh\u00f6ren  &lt;<\/a><\/p>\n<p>[\/et_pb_text][\/et_pb_column][\/et_pb_row][et_pb_row column_structure=&#8220;1_3,2_3&#8243; _builder_version=&#8220;4.16&#8243; global_colors_info=&#8220;{}&#8220;][et_pb_column type=&#8220;1_3&#8243; _builder_version=&#8220;4.16&#8243; global_colors_info=&#8220;{}&#8220;][et_pb_image src=&#8220;https:\/\/www.ernestpianotrio.com\/wp-content\/uploads\/2024\/04\/qobuz.png&#8220; align=&#8220;center&#8220; _builder_version=&#8220;4.16&#8243; max_height=&#8220;50px&#8220; global_colors_info=&#8220;{}&#8220;][\/et_pb_image][\/et_pb_column][et_pb_column type=&#8220;2_3&#8243; _builder_version=&#8220;4.16&#8243; global_colors_info=&#8220;{}&#8220;][et_pb_text _builder_version=&#8220;4.16&#8243; global_colors_info=&#8220;{}&#8220;]<\/p>\n<p style=\"text-align: justify;\"><span>&#8222;In den letzten Jahren, in denen sie die gr\u00f6\u00dften europ\u00e4ischen B\u00fchnen bespielten, konnten sie ein erstes Programm ausarbeiten, das im Januar 2024 bei Apart\u00e9 erschien. [&#8230;] Die n\u00fcchterne und unaufgeregte Interpretation des Trios, das sich hier f\u00fcr eine klare und ehrliche Aufnahme entschieden hat, bleibt in Erinnerung.&#8220; Das Ernest Trio unter den &#8222;10 klassischen Musikk\u00fcnstlern, die man 2024 im Auge behalten sollte&#8220;. Pierre Lamy<\/span><\/p>\n<p>[\/et_pb_text][\/et_pb_column][\/et_pb_row][et_pb_row column_structure=&#8220;1_3,2_3&#8243; _builder_version=&#8220;4.16&#8243; global_colors_info=&#8220;{}&#8220;][et_pb_column type=&#8220;1_3&#8243; _builder_version=&#8220;4.16&#8243; global_colors_info=&#8220;{}&#8220;][et_pb_image src=&#8220;https:\/\/www.ernestpianotrio.com\/wp-content\/uploads\/2024\/04\/De-Standaard-5-\u00e9toiles.jpg&#8220; align=&#8220;center&#8220; _builder_version=&#8220;4.16&#8243; width=&#8220;100px&#8220; global_colors_info=&#8220;{}&#8220;][\/et_pb_image][\/et_pb_column][et_pb_column type=&#8220;2_3&#8243; _builder_version=&#8220;4.16&#8243; global_colors_info=&#8220;{}&#8220;][et_pb_text _builder_version=&#8220;4.16&#8243; global_colors_info=&#8220;{}&#8220;]<\/p>\n<p style=\"text-align: justify;\">&#8222;Haydn war im Leben ein europ\u00e4ischer Superstar. Es ist diese Seite seiner Person, die das Ernest Trio auf seinem neuen Album einf\u00e4ngt. Mit rasanten Tempi und einer sicheren und deutlichen Dynamik zeigen sie, wie sehr Haydns Klaviertrios ein feuriges und fesselndes H\u00f6rerlebnis sind.&#8220; J.C.<\/p>\n<p>[\/et_pb_text][\/et_pb_column][\/et_pb_row][et_pb_row column_structure=&#8220;1_3,2_3&#8243; _builder_version=&#8220;4.16&#8243; global_colors_info=&#8220;{}&#8220;][et_pb_column type=&#8220;1_3&#8243; _builder_version=&#8220;4.16&#8243; global_colors_info=&#8220;{}&#8220;][et_pb_image src=&#8220;https:\/\/www.ernestpianotrio.com\/wp-content\/uploads\/2024\/04\/on-mag.png&#8220; align=&#8220;center&#8220; _builder_version=&#8220;4.16&#8243; global_colors_info=&#8220;{}&#8220;][\/et_pb_image][\/et_pb_column][et_pb_column type=&#8220;2_3&#8243; _builder_version=&#8220;4.16&#8243; global_colors_info=&#8220;{}&#8220;][et_pb_text _builder_version=&#8220;4.16&#8243; global_colors_info=&#8220;{}&#8220;]<\/p>\n<p style=\"text-align: justify;\">&#8222;Ein Meisterwerk [&#8230;] Das Ernest Trio [&#8230;] zeigt eine seltene k\u00fcnstlerische Reife. Die instrumentale Raffinesse wird nur von der Strenge des Ansatzes \u00fcbertroffen, was jedoch nicht bedeutet, dass es nicht bei Bedarf auch ausladend sein kann. Die Meisterschaft der Pianistin Natasha Roque Alsina und ihre Vorliebe f\u00fcr wunderbare Nuancen im Pianissimo erinnern an Menahem Pressler, die Seele des Beaux Arts Trios, der dem jungen Trio auch mit Rat und Tat zur Seite stand. Stanislas Gosset, Violine, und Cl\u00e9ment Dami, Violoncello, verleihen ihrer Interpretation einen jugendlichen Wind.<span>  Jean-Pierre Robert<\/span><\/p>\n<p style=\"text-align: center;\"><a href=\"https:\/\/www.on-mag.fr\/index.php\/topaudio\/musique\/25834-cd-hommage-a-haydn-et-ses-trios-avec-clavier\" target=\"_blank\" rel=\"noopener noreferrer\">&gt;  ON-mag.de  &lt;<\/a><\/p>\n<p>[\/et_pb_text][\/et_pb_column][\/et_pb_row][et_pb_row column_structure=&#8220;1_3,2_3&#8243; _builder_version=&#8220;4.16&#8243; global_colors_info=&#8220;{}&#8220;][et_pb_column type=&#8220;1_3&#8243; _builder_version=&#8220;4.16&#8243; global_colors_info=&#8220;{}&#8220;][et_pb_image src=&#8220;https:\/\/www.ernestpianotrio.com\/wp-content\/uploads\/2024\/04\/EarRelevant.png&#8220; align=&#8220;center&#8220; _builder_version=&#8220;4.16&#8243; width=&#8220;100px&#8220; global_colors_info=&#8220;{}&#8220;][\/et_pb_image][\/et_pb_column][et_pb_column type=&#8220;2_3&#8243; _builder_version=&#8220;4.16&#8243; global_colors_info=&#8220;{}&#8220;][et_pb_text _builder_version=&#8220;4.16&#8243; global_colors_info=&#8220;{}&#8220;]<\/p>\n<p style=\"text-align: justify;\"><span>&#8222;Trio Ernest haucht Haydns Klaviertrio neues Leben ein. [&#8230;] Die Wiedergabe ist fr\u00f6hlich, witzig, mit neuen Ideen gespickt und sehr unterhaltsam; sie hat einfach nichts mit einem gewissen Hauch von Museumsstaub zu tun, der oft in \u00e4lteren Versionen vorhanden ist. [&#8230;] Trio Ernest scheint in der Zukunft noch viel zu sagen zu haben und verdient sicherlich die volle Aufmerksamkeit des Publikums.&#8220; Giorgio Koukl<\/span><\/p>\n<p style=\"text-align: center;\"><a href=\"https:\/\/www.earrelevant.net\/2024\/03\/trio-ernest-breathes-new-life-into-haydns-piano-trios\/\"><span>&gt;  EarRelevant  &lt;<\/span><\/a><\/p>\n<p>[\/et_pb_text][\/et_pb_column][\/et_pb_row][et_pb_row column_structure=&#8220;1_3,2_3&#8243; _builder_version=&#8220;4.16&#8243; global_colors_info=&#8220;{}&#8220;][et_pb_column type=&#8220;1_3&#8243; _builder_version=&#8220;4.16&#8243; global_colors_info=&#8220;{}&#8220;][et_pb_image src=&#8220;https:\/\/www.ernestpianotrio.com\/wp-content\/uploads\/2024\/04\/allmusic.png&#8220; align=&#8220;center&#8220; _builder_version=&#8220;4.16&#8243; max_height=&#8220;50px&#8220; global_colors_info=&#8220;{}&#8220;][\/et_pb_image][\/et_pb_column][et_pb_column type=&#8220;2_3&#8243; _builder_version=&#8220;4.16&#8243; global_colors_info=&#8220;{}&#8220;][et_pb_text _builder_version=&#8220;4.16&#8243; global_colors_info=&#8220;{}&#8220;]<\/p>\n<p style=\"text-align: justify;\">&#8222;Das Ernest Trio hat sich verpflichtet, in jedes Konzert ein Werk einer weiblichen Komponistin aufzunehmen, und dies gelingt ihnen gut, weil sie interessantes Material finden und es \u00fcberzeugend auff\u00fchren k\u00f6nnen. Die Haydn-Trios selbst sind durchdrungen von den hohen Geistern, die f\u00fcr eine erfolgreiche Haydn-Auff\u00fchrung unerl\u00e4sslich sind. Mit klarem Klang aus der Queen Elisabeth Music Chapel in Waterloo k\u00fcndigt diese Ver\u00f6ffentlichung eine wichtige neue Pr\u00e4senz in der \u00fcberf\u00fcllten Klaviertrio-Szene an.&#8220; James Manheim<\/p>\n<p>[\/et_pb_text][\/et_pb_column][\/et_pb_row][et_pb_row _builder_version=&#8220;4.16&#8243; min_height=&#8220;105px&#8220; global_colors_info=&#8220;{}&#8220;][et_pb_column type=&#8220;4_4&#8243; _builder_version=&#8220;4.16&#8243; global_colors_info=&#8220;{}&#8220;][et_pb_text _builder_version=&#8220;4.16&#8243; text_font_size=&#8220;17px&#8220; custom_padding=&#8220;||5px|||&#8220; global_colors_info=&#8220;{}&#8220;]<\/p>\n<p style=\"text-align: center;\"><b>FRANK COMPLETE CHAMBER MUSIC<\/b><\/p>\n<p style=\"text-align: center;\"><strong><img loading=\"lazy\" decoding=\"async\" src=\"https:\/\/www.ernestpianotrio.com\/wp-content\/uploads\/2020\/01\/sep-prog.svg\" width=\"425\" height=\"11\" alt=\"\" class=\"wp-image-84 aligncenter size-large\"><\/strong><\/p>\n<p>[\/et_pb_text][\/et_pb_column][\/et_pb_row][et_pb_row column_structure=&#8220;1_4,3_4&#8243; _builder_version=&#8220;4.16&#8243; global_colors_info=&#8220;{}&#8220;][et_pb_column type=&#8220;1_4&#8243; _builder_version=&#8220;4.16&#8243; global_colors_info=&#8220;{}&#8220;][et_pb_image src=&#8220;https:\/\/www.ernestpianotrio.com\/wp-content\/uploads\/2022\/12\/franck-complete.png&#8220; _builder_version=&#8220;4.16&#8243; width=&#8220;100%&#8220; custom_padding=&#8220;|0px||||&#8220; global_colors_info=&#8220;{}&#8220;][\/et_pb_image][\/et_pb_column][et_pb_column type=&#8220;3_4&#8243; _builder_version=&#8220;4.16&#8243; global_colors_info=&#8220;{}&#8220;][et_pb_text _builder_version=&#8220;4.16&#8243; text_text_color=&#8220;#000000&#8243; text_font_size=&#8220;17px&#8220; global_colors_info=&#8220;{}&#8220;]<\/p>\n<p style=\"text-align: justify;\">Das Trio Ernest beteiligt sich an der Gesamteinspielung der Kammermusik von C\u00e9sar Franck, indem es das Grand Trio CFF 108 f\u00fcr das Label <a href=\"https:\/\/outhere-music.com\/fr\" target=\"_blank\" rel=\"noopener noreferrer\">Outhere &#8211; Fuga Libera<\/a> aufnimmt.<\/p>\n<p style=\"text-align: justify;\">Die Box wurde von der Kritik gefeiert und erhielt zahlreiche Auszeichnungen: Diapason d&#8217;Or de l&#8217;ann\u00e9e 2022, coup de coeur du Figaro, FFFF \u00e9v\u00e9nement T\u00e9l\u00e9rama etc.<\/p>\n<p style=\"text-align: justify;\">Jean-Michel Molkhou verlieh einen Diapason d&#8217;Or f\u00fcr die Gesamtausgabe, die &#8222;es erm\u00f6glicht, unter den Fingern des Trio Ernest die Fr\u00f6hlichkeit des Grand Trio in c-Moll zu genie\u00dfen&#8220;, Thierry Hill\u00e9riteau lobte im Figaro &#8222;den jugendlichen Schwung des Genfer Trios Ernest&#8220; und vergab seinen Coup de Coeur der Woche an die Box. Classique News bemerkt auch das Grand Trio CFF 108, &#8222;knisternd und stark kontrastierend&#8220;, bevor sie schlussfolgert: &#8222;Man kann keine Interpreten h\u00f6ren, die in dieser Gesamtaufnahme besser engagiert sind&#8220;.<\/p>\n<p style=\"text-align: justify;\">Bestellung erh\u00e4ltlich auf der Outhere-Website: https:<a href=\"https:\/\/outhere-music.com\/fr\/albums\/franck-complete-chamber-music\" target=\"_blank\" rel=\"noopener noreferrer\"> \/\/outhere-music.com\/fr\/albums\/franck-complete-chamber-music<\/a><\/p>\n<p>[\/et_pb_text][\/et_pb_column][\/et_pb_row][\/et_pb_section]<\/p>\n","protected":false},"excerpt":{"rendered":"<p>&#8222;The only really safe name is Ernest&#8220; (Der einzige wirklich sichere Name ist Ernest) Oscar Wilde, 1895.THE WONDERFUL ADVENTURES OF AMANDA MAIER Amanda Maier hat das Musikleben ihrer Zeit gepr\u00e4gt, [&hellip;]<\/p>\n","protected":false},"author":3,"featured_media":0,"parent":0,"menu_order":0,"comment_status":"closed","ping_status":"closed","template":"","meta":{"_et_pb_use_builder":"on","_et_pb_old_content":"","_et_gb_content_width":"","footnotes":""},"class_list":["post-1682","page","type-page","status-publish","hentry"],"_links":{"self":[{"href":"https:\/\/www.ernestpianotrio.com\/de\/wp-json\/wp\/v2\/pages\/1682","targetHints":{"allow":["GET"]}}],"collection":[{"href":"https:\/\/www.ernestpianotrio.com\/de\/wp-json\/wp\/v2\/pages"}],"about":[{"href":"https:\/\/www.ernestpianotrio.com\/de\/wp-json\/wp\/v2\/types\/page"}],"author":[{"embeddable":true,"href":"https:\/\/www.ernestpianotrio.com\/de\/wp-json\/wp\/v2\/users\/3"}],"replies":[{"embeddable":true,"href":"https:\/\/www.ernestpianotrio.com\/de\/wp-json\/wp\/v2\/comments?post=1682"}],"version-history":[{"count":80,"href":"https:\/\/www.ernestpianotrio.com\/de\/wp-json\/wp\/v2\/pages\/1682\/revisions"}],"predecessor-version":[{"id":3623,"href":"https:\/\/www.ernestpianotrio.com\/de\/wp-json\/wp\/v2\/pages\/1682\/revisions\/3623"}],"wp:attachment":[{"href":"https:\/\/www.ernestpianotrio.com\/de\/wp-json\/wp\/v2\/media?parent=1682"}],"curies":[{"name":"wp","href":"https:\/\/api.w.org\/{rel}","templated":true}]}}