{"id":1525,"date":"2021-02-18T09:48:21","date_gmt":"2021-02-18T08:48:21","guid":{"rendered":"https:\/\/www.ernestpianotrio.com\/projekte\/"},"modified":"2026-04-24T17:08:11","modified_gmt":"2026-04-24T15:08:11","slug":"projekte","status":"publish","type":"page","link":"https:\/\/www.ernestpianotrio.com\/de\/projekte\/","title":{"rendered":"Bee Classical !"},"content":{"rendered":"<p>[et_pb_section fb_built=&#8220;1&#8243; _builder_version=&#8220;4.16&#8243; background_color=&#8220;#f1eee7&#8243; custom_padding=&#8220;1px||0px|||&#8220; global_colors_info=&#8220;{}&#8220;][et_pb_row _builder_version=&#8220;4.16&#8243; min_height=&#8220;185px&#8220; custom_margin=&#8220;-3px|auto||auto||&#8220; custom_padding=&#8220;||13px|||&#8220; global_colors_info=&#8220;{}&#8220;][et_pb_column type=&#8220;4_4&#8243; _builder_version=&#8220;4.16&#8243; global_colors_info=&#8220;{}&#8220;][et_pb_video src=&#8220;https:\/\/youtu.be\/3JCYquviIFw?si=TziQi59kpqQYqBdE&#8220; _builder_version=&#8220;4.27.0&#8243; width=&#8220;60%&#8220; custom_margin=&#8220;|25%||25%|false|true&#8220; global_colors_info=&#8220;{}&#8220;][\/et_pb_video][\/et_pb_column][\/et_pb_row][et_pb_row column_structure=&#8220;2_5,3_5&#8243; _builder_version=&#8220;4.27.0&#8243; _module_preset=&#8220;default&#8220; global_colors_info=&#8220;{}&#8220;][et_pb_column type=&#8220;2_5&#8243; _builder_version=&#8220;4.27.0&#8243; _module_preset=&#8220;default&#8220; global_colors_info=&#8220;{}&#8220;][et_pb_image src=&#8220;https:\/\/www.ernestpianotrio.com\/wp-content\/uploads\/2021\/02\/bee_classical_color_fond_transparent-1-150&#215;150.png&#8220; title_text=&#8220;bee_classical_color_fond_transparent&#8220; align=&#8220;center&#8220; _builder_version=&#8220;4.27.0&#8243; _module_preset=&#8220;default&#8220; global_colors_info=&#8220;{}&#8220;][\/et_pb_image][\/et_pb_column][et_pb_column type=&#8220;3_5&#8243; _builder_version=&#8220;4.27.0&#8243; _module_preset=&#8220;default&#8220; global_colors_info=&#8220;{}&#8220;][et_pb_text _builder_version=&#8220;4.27.0&#8243; custom_margin=&#8220;20px||20px||true|false&#8220; custom_padding=&#8220;||0px|||&#8220; global_colors_info=&#8220;{}&#8220;]<\/p>\n<p style=\"text-align: justify;\">Das Trio Ernest hat seine eigene Konzertreihe in Genf gegr\u00fcndet, bei der es die k\u00fcnstlerische Leitung und die Produktion mit Unterst\u00fctzung der Stadt Genf, der Loterie Romande und der Schweizerischen Interpretenstiftung \u00fcbernimmt.  <\/p>\n<p>Trailer 2025<br \/>Video David Fraternali &#8211; Schnitt: S\u00e9bastien Cayet<\/p>\n<p>&nbsp;<\/p>\n<p>[\/et_pb_text][\/et_pb_column][\/et_pb_row][\/et_pb_section][et_pb_section fb_built=&#8220;1&#8243; _builder_version=&#8220;4.16&#8243; custom_padding=&#8220;|1px||||&#8220; global_colors_info=&#8220;{}&#8220;][et_pb_row _builder_version=&#8220;4.16&#8243; global_colors_info=&#8220;{}&#8220;][et_pb_column type=&#8220;4_4&#8243; _builder_version=&#8220;4.16&#8243; global_colors_info=&#8220;{}&#8220;][et_pb_text module_class=&#8220;programme&#8220; _builder_version=&#8220;4.27.0&#8243; custom_padding=&#8220;1px|||||&#8220; locked=&#8220;off&#8220; global_colors_info=&#8220;{}&#8220;]<\/p>\n<h3 style=\"text-align: center;\">Saison 2026-2027<\/h3>\n<p>&nbsp;<\/p>\n<p>Die n\u00e4chste Saison wird mit der Ver\u00f6ffentlichung der CD <em>The wonderful Adventures of Amanda Maier<\/em> er\u00f6ffnet, bevor ein neues dreiteiliges Format entwickelt wird: ein musikalischer Brunch, ein Abend mit dem Trio Ernest and friends und ein \u00dcbertragungskonzert!<\/p>\n<p>[\/et_pb_text][et_pb_image src=&#8220;https:\/\/www.ernestpianotrio.com\/wp-content\/uploads\/\/2020\/01\/sep-prog.svg&#8220; _builder_version=&#8220;4.16&#8243; width=&#8220;50%&#8220; width_tablet=&#8220;80%&#8220; width_phone=&#8220;&#8220; width_last_edited=&#8220;on|phone&#8220; module_alignment=&#8220;center&#8220; global_colors_info=&#8220;{}&#8220;][\/et_pb_image][\/et_pb_column][\/et_pb_row][et_pb_row _builder_version=&#8220;4.27.0&#8243; _module_preset=&#8220;default&#8220; global_colors_info=&#8220;{}&#8220;][et_pb_column type=&#8220;4_4&#8243; _builder_version=&#8220;4.27.0&#8243; _module_preset=&#8220;default&#8220; global_colors_info=&#8220;{}&#8220;][et_pb_text module_class=&#8220;programme&#8220; _builder_version=&#8220;4.27.0&#8243; locked=&#8220;off&#8220; global_colors_info=&#8220;{}&#8220;]<\/p>\n<h3 style=\"text-align: center;\">Sonntag, 15. M\u00e4rz 2026 17.00 Uhr, Franz Liszt Saal des CMG<br \/>The Wonderful Adventures of Amanda Maier<\/h3>\n<p>&nbsp;<\/p>\n<p>Vernissage der neuen CD des Ernest Trios, mit El\u00e9onore Billy, Nickelharpa.<\/p>\n<p><em>Freier Eintritt, Cocktails und Autogrammstunde nach dem Konzert.  <\/em><\/p>\n<p><em><\/em><\/p>\n<ul>\n<li><strong>Amanda Maier,<\/strong><em> Trio <\/em>\n<p><em><\/em><\/p>\n<p><em><\/em><strong>Johannes Brahms, <\/strong><em>Trio Nr. 3<\/em><\/p>\n<p><strong>Amanda Maier \/ Julius Rontgen<\/strong>,  <em>Schwedische Weisen und T\u00e4nze op. 6 (arr. f\u00fcr Nyckelharpa und Klaviertrio)   <\/em><\/p>\n<\/li>\n<\/ul>\n<p>&nbsp;<\/p>\n<p>[\/et_pb_text][et_pb_code _builder_version=&#8220;4.27.0&#8243; _module_preset=&#8220;default&#8220; global_colors_info=&#8220;{}&#8220;][\/et_pb_code][et_pb_image src=&#8220;https:\/\/www.ernestpianotrio.com\/wp-content\/uploads\/\/2020\/01\/sep-prog.svg&#8220; _builder_version=&#8220;4.16&#8243; width=&#8220;50%&#8220; width_tablet=&#8220;80%&#8220; width_phone=&#8220;&#8220; width_last_edited=&#8220;on|phone&#8220; module_alignment=&#8220;center&#8220; global_colors_info=&#8220;{}&#8220;][\/et_pb_image][et_pb_text module_class=&#8220;programme&#8220; _builder_version=&#8220;4.27.0&#8243; custom_padding=&#8220;||0px|||&#8220; locked=&#8220;off&#8220; global_colors_info=&#8220;{}&#8220;]<\/p>\n<h3 style=\"text-align: center;\">Sonntag, 15. November 2026 11 Uhr, Flocky la Otter<br \/>Musikalischer Brunch<\/h3>\n<p>&nbsp;<\/p>\n<p>Nehmen Sie Platz in der gem\u00fctlichen Atmosph\u00e4re von Flocky la Loutre in der Rue de Carouge, um ein klassisches Konzert einmal anders zu h\u00f6ren! Ein dampfender Kaffee und ein Gourmet-Brunch sorgen f\u00fcr einen musikalischen Start in den Sonntag&#8230;   <\/p>\n<p>Mit Am\u00e9lia Feuer, Sopran, und Laudine Dard, Harfe.<\/p>\n<p>&nbsp;<\/p>\n<ul>\n<li>Programm noch nicht festgelegt<\/li>\n<\/ul>\n<p>[\/et_pb_text][et_pb_image src=&#8220;https:\/\/www.ernestpianotrio.com\/wp-content\/uploads\/\/2020\/01\/sep-prog.svg&#8220; _builder_version=&#8220;4.16&#8243; width=&#8220;50%&#8220; width_tablet=&#8220;80%&#8220; width_phone=&#8220;&#8220; width_last_edited=&#8220;on|phone&#8220; module_alignment=&#8220;center&#8220; global_colors_info=&#8220;{}&#8220;][\/et_pb_image][et_pb_text module_class=&#8220;programme&#8220; _builder_version=&#8220;4.27.0&#8243; locked=&#8220;off&#8220; global_colors_info=&#8220;{}&#8220;]<\/p>\n<h3 style=\"text-align: center;\">Freitag, 29. Januar 2027 20 Uhr, Franz Liszt Saal des CMG<br \/>Trio Ernest and Friends<\/h3>\n<p>&nbsp;<\/p>\n<p>Das Trio schlie\u00dft sich mit dem gro\u00dfartigen Modigliani Quartett und Sarah Strohm, die den ersten Preis beim Genfer Wettbewerb gewann, zu einem prestigetr\u00e4chtigen Abend rund um Mendelssohns Oktett zusammen.<\/p>\n<p>Mit dem Modigliani Quartett und Sarah Strohm, Viola.  <\/p>\n<p>&nbsp;<\/p>\n<ul>\n<li><strong>Rita Strohl, <\/strong><em>Trio Nr. 1<\/em>\n<p><strong>Felix MEndelssohn,  <\/strong><em>Octuor op. 20  <\/em><\/p>\n<p>&nbsp;<\/p>\n<\/li>\n<\/ul>\n<p><em><\/em><\/p>\n<p>[\/et_pb_text][et_pb_image src=&#8220;https:\/\/www.ernestpianotrio.com\/wp-content\/uploads\/\/2020\/01\/sep-prog.svg&#8220; _builder_version=&#8220;4.16&#8243; width=&#8220;50%&#8220; width_tablet=&#8220;80%&#8220; width_phone=&#8220;&#8220; width_last_edited=&#8220;on|phone&#8220; module_alignment=&#8220;center&#8220; global_colors_info=&#8220;{}&#8220;][\/et_pb_image][et_pb_text module_class=&#8220;programme&#8220; _builder_version=&#8220;4.27.0&#8243; locked=&#8220;off&#8220; global_colors_info=&#8220;{}&#8220;]<\/p>\n<h3 style=\"text-align: center;\">Freitag, 21. Mai 2027 20.00 Uhr, Bartholoni-Saal des CMG<br \/>\u00dcbertragung<\/h3>\n<p>&nbsp;<\/p>\n<p>Das Trio l\u00e4dt junge Talente ein, nach einer Reihe von Kammermusik-Coachings mit ihm ein Konzert zu geben, um die 2025 begonnene Weitergabe von Musik fortzusetzen.  <\/p>\n<p>&nbsp;<\/p>\n<ul>\n<li>Programm noch nicht festgelegt<\/li>\n<\/ul>\n<p><em><\/em><\/p>\n<p>[\/et_pb_text][\/et_pb_column][\/et_pb_row][et_pb_row _builder_version=&#8220;4.16&#8243; locked=&#8220;off&#8220; global_colors_info=&#8220;{}&#8220;][et_pb_column type=&#8220;4_4&#8243; _builder_version=&#8220;4.16&#8243; global_colors_info=&#8220;{}&#8220;][et_pb_image src=&#8220;https:\/\/www.ernestpianotrio.com\/wp-content\/uploads\/\/2020\/01\/sep-prog.svg&#8220; _builder_version=&#8220;4.16&#8243; width=&#8220;50%&#8220; width_tablet=&#8220;80%&#8220; width_phone=&#8220;&#8220; width_last_edited=&#8220;on|phone&#8220; module_alignment=&#8220;center&#8220; global_colors_info=&#8220;{}&#8220;][\/et_pb_image][et_pb_text _builder_version=&#8220;4.16&#8243; text_orientation=&#8220;center&#8220; global_colors_info=&#8220;{}&#8220;]<\/p>\n<h2 style=\"text-align: center;\">Praktische Infos<\/h2>\n<p>[\/et_pb_text][et_pb_text module_class=&#8220;programme&#8220; _builder_version=&#8220;4.16&#8243; global_colors_info=&#8220;{}&#8220;]<\/p>\n<h3><\/h3>\n<ul>\n<li><strong>Voller Preis: 25 Euro<\/strong><\/li>\n<li><strong>Avs\/Studenten: 15.<\/strong><\/li>\n<li><strong>&#8211; ab 10 Jahren: kostenlos<\/strong><\/li>\n<\/ul>\n<p style=\"text-align: center;\"><span style=\"color: #e6332a;\"><\/span><\/p>\n<p>[\/et_pb_text][et_pb_text module_class=&#8220;programme&#8220; _builder_version=&#8220;4.27.0&#8243; custom_padding=&#8220;||0px|||&#8220; global_colors_info=&#8220;{}&#8220;]<\/p>\n<h3><\/h3>\n<ul>\n<li><strong style=\"font-size: 18px;\">Salle Bartholoni (CMG): Pl. de Neuve 5, 1204 Genf<\/strong><\/li>\n<li><strong>Saal FRanz liszt (CMG): Pl. de Neuve 5, 1204 Genf<\/strong><\/li>\n<li><strong>Flocky la Loutre: Rue de carouge 44, 1205 Genf<\/strong><\/li>\n<\/ul>\n<p>[\/et_pb_text][et_pb_text module_class=&#8220;programme&#8220; _builder_version=&#8220;4.16&#8243; custom_padding=&#8220;||0px|||&#8220; global_colors_info=&#8220;{}&#8220;]<\/p>\n<h3><\/h3>\n<ul>\n<li><strong>aKauf von Banknoten auf <a href=\"https:\/\/infomaniak.events\/fr-ch\/shop\/trio-ernest-8DBLYKKS3P\">INFOMANIAK<\/a><\/strong><\/li>\n<li><strong style=\"font-size: 18px;\">Kartenverkauf vor Ort (Kreditkarte und Bargeld)<\/strong><\/li>\n<\/ul>\n<p style=\"text-align: center;\"><span style=\"color: #e6332a;\"><\/span><\/p>\n<p>[\/et_pb_text][et_pb_text module_class=&#8220;programme&#8220; _builder_version=&#8220;4.16&#8243; custom_padding=&#8220;||0px|||&#8220; global_colors_info=&#8220;{}&#8220;][\/et_pb_text][\/et_pb_column][\/et_pb_row][et_pb_row _builder_version=&#8220;4.16&#8243; locked=&#8220;off&#8220; global_colors_info=&#8220;{}&#8220;][et_pb_column type=&#8220;4_4&#8243; _builder_version=&#8220;4.16&#8243; global_colors_info=&#8220;{}&#8220;][et_pb_image src=&#8220;https:\/\/www.ernestpianotrio.com\/wp-content\/uploads\/\/2020\/01\/sep-prog.svg&#8220; _builder_version=&#8220;4.16&#8243; width=&#8220;50%&#8220; width_tablet=&#8220;80%&#8220; width_phone=&#8220;&#8220; width_last_edited=&#8220;on|phone&#8220; module_alignment=&#8220;center&#8220; global_colors_info=&#8220;{}&#8220;][\/et_pb_image][\/et_pb_column][\/et_pb_row][et_pb_row column_structure=&#8220;1_3,1_3,1_3&#8243; _builder_version=&#8220;4.16&#8243; global_colors_info=&#8220;{}&#8220;][et_pb_column type=&#8220;1_3&#8243; _builder_version=&#8220;4.16&#8243; global_colors_info=&#8220;{}&#8220;][et_pb_image src=&#8220;https:\/\/www.ernestpianotrio.com\/wp-content\/uploads\/2021\/03\/logo-subventionne-ville-geneve-couleur.png&#8220; _builder_version=&#8220;4.16&#8243; max_height=&#8220;100px&#8220; custom_margin=&#8220;25px||25px||true|false&#8220; global_colors_info=&#8220;{}&#8220;][\/et_pb_image][\/et_pb_column][et_pb_column type=&#8220;1_3&#8243; _builder_version=&#8220;4.16&#8243; global_colors_info=&#8220;{}&#8220;][et_pb_image src=&#8220;https:\/\/www.ernestpianotrio.com\/wp-content\/uploads\/2025\/02\/SIS_Logo-1024&#215;399.png&#8220; title_text=&#8220;SIS_Logo&#8220; align=&#8220;center&#8220; _builder_version=&#8220;4.27.0&#8243; max_height=&#8220;150px&#8220; global_colors_info=&#8220;{}&#8220;][\/et_pb_image][\/et_pb_column][et_pb_column type=&#8220;1_3&#8243; _builder_version=&#8220;4.16&#8243; global_colors_info=&#8220;{}&#8220;][et_pb_image src=&#8220;https:\/\/www.ernestpianotrio.com\/wp-content\/uploads\/2021\/03\/LoRo-LogoBeneficiaires-RVB.jpg&#8220; _builder_version=&#8220;4.16&#8243; max_height=&#8220;100px&#8220; custom_margin=&#8220;25px||25px||true|false&#8220; global_colors_info=&#8220;{}&#8220;][\/et_pb_image][\/et_pb_column][\/et_pb_row][\/et_pb_section][et_pb_section fb_built=&#8220;1&#8243; module_id=&#8220;entete-beige&#8220; _builder_version=&#8220;4.16&#8243; background_color=&#8220;#f1eee7&#8243; custom_padding=&#8220;0px||0px||false|false&#8220; global_colors_info=&#8220;{}&#8220;][et_pb_row _builder_version=&#8220;4.27.0&#8243; global_colors_info=&#8220;{}&#8220;][et_pb_column type=&#8220;4_4&#8243; _builder_version=&#8220;4.16&#8243; global_colors_info=&#8220;{}&#8220;][et_pb_text _builder_version=&#8220;4.16&#8243; text_orientation=&#8220;center&#8220; global_colors_info=&#8220;{}&#8220;]<\/p>\n<h2>Vergangene SAISONEN  <\/h2>\n<p>[\/et_pb_text][et_pb_text _builder_version=&#8220;4.27.0&#8243; text_orientation=&#8220;center&#8220; custom_padding=&#8220;||1px|||&#8220; global_colors_info=&#8220;{}&#8220;]<\/p>\n<h2>2025<\/h2>\n<p>[\/et_pb_text][\/et_pb_column][\/et_pb_row][et_pb_row column_structure=&#8220;1_3,1_3,1_3&#8243; _builder_version=&#8220;4.16&#8243; min_height=&#8220;146px&#8220; locked=&#8220;off&#8220; global_colors_info=&#8220;{}&#8220;][et_pb_column type=&#8220;1_3&#8243; _builder_version=&#8220;4.16&#8243; global_colors_info=&#8220;{}&#8220;][et_pb_text module_class=&#8220;programme&#8220; _builder_version=&#8220;4.16&#8243; locked=&#8220;off&#8220; global_colors_info=&#8220;{}&#8220;]<\/p>\n<ul>\n<li>\n<h3>Donnerstag, 6. M\u00e4rz 2025 20 Uhr, Salle Bartholoni des CMG<br \/>in Partnerschaft mit der HEM Genf<\/h3>\n<p><em>Kammermusik!<\/em><\/p>\n<p>&nbsp;<\/p>\n<ul>\n<li>\n<p class=\"p1\"><strong>M. MARTINES<\/strong>, <em>Klaviersonate<\/em> <span class=\"s1\">(Arr. f\u00fcr Trio von Daniel Serrano)<br \/><\/span> C.<span class=\"s3\"><strong>REINECKE<\/strong>, <\/span><em><span class=\"s4\">Trio Nr. 1 <\/span><\/em> <span class=\"s4\">op. 38<\/span><\/p>\n<p class=\"p1\"><span class=\"s4\">Ernest Trio <br \/>&#8211; Stanislas Gosset, Violine<br \/>&#8211; Cl\u00e9ment Dami, Violoncello<br \/>&#8211; Natasha Roque Alsina, Klavier<\/span><\/p>\n<p class=\"p1\">\n<p class=\"p1\"><span class=\"s1\"><strong>F. SCHUBERT<\/strong>,  <\/span><span class=\"s2\"><em>Trio Nr. 2 Es-Dur<\/em> op. 100 (Ausz\u00fcge) <\/span><\/p>\n<p class=\"p1\"><span class=\"s2\">Studierende der HEM:<br \/>&#8211; Louis Manel, Violine<br \/>&#8211; Matthieu Hassid, Violoncello<br \/>&#8211; Nilo Fernandes, Klavier<\/span><\/p>\n<p class=\"p1\">\n<p class=\"p1\"><span class=\"s1\"><strong>A. DVO\u0158\u00c1K<\/strong>, <\/span><em>Trio f\u00fcr Klavier und Streicher Nr. 4 &#8222;Dumky&#8220;<\/em><span class=\"s2\">(Ausz\u00fcge)<\/span><\/p>\n<p>  Studierende der EMH:<br \/>&#8211; Leonardo Guedes, Violine<br \/>&#8211; Pierre Poujol, Violoncello<br \/>&#8211; Rodrigo Teixeira, Klavier<\/p>\n<\/li>\n<\/ul>\n<\/li>\n<\/ul>\n<p>[\/et_pb_text][\/et_pb_column][et_pb_column type=&#8220;1_3&#8243; _builder_version=&#8220;4.16&#8243; global_colors_info=&#8220;{}&#8220;][et_pb_text module_class=&#8220;programme&#8220; _builder_version=&#8220;4.27.0&#8243; locked=&#8220;off&#8220; global_colors_info=&#8220;{}&#8220;]<\/p>\n<ul>\n<li>\n<h3>Freitag, 13. Juni 2025 20 Uhr, Salle Bartholoni des CMG<br \/>in Partnerschaft mit der HEM Genf<\/h3>\n<p><span style=\"font-size: 21px;\"><span style=\"font-size: large;\"><em>W\u00e4hlen Sie!  <\/em><\/span><\/span><span style=\"font-size: large;\"><em><span style=\"color: black; font-family: PTsans-reg;\"> <\/span><\/em><\/span><\/p>\n<p>&nbsp;<\/p>\n<ul>\n<li><strong>JOAN TRIMBLE,<\/strong> <em>Phantasy Trio <\/em>\n<p><em><\/em><\/p>\n<p><em><\/em><strong>WOLFGANG AMADEUS MOZART, <\/strong><em>Trio in G-Dur KV 564<\/em><\/p>\n<p><strong>MATTEO GUALANDI, <\/strong><em>Vite legg\u00e8re di farfalle<\/em><em> &#8211; Welturauff\u00fchrung<\/em><\/p>\n<p><strong>MAURICE RAVEL<\/strong>, <em>Trio<\/em><\/p>\n<\/li>\n<\/ul>\n<\/li>\n<\/ul>\n<p style=\"text-align: center;\">\n<p>[\/et_pb_text][\/et_pb_column][et_pb_column type=&#8220;1_3&#8243; _builder_version=&#8220;4.16&#8243; global_colors_info=&#8220;{}&#8220;][et_pb_text module_class=&#8220;programme&#8220; _builder_version=&#8220;4.27.0&#8243; custom_padding=&#8220;||0px|||&#8220; locked=&#8220;off&#8220; global_colors_info=&#8220;{}&#8220;]<\/p>\n<h3>Donnerstag, 11. Dezember 2025 20 Uhr, Salle Frank Martin<br \/>in Partnerschaft mit der HEM Genf<\/h3>\n<p><em>Solisten ! Mit dem Orchestre des Pays de Savoie unter der Leitung von Arie van Beek <\/em><\/p>\n<p>&nbsp;<\/p>\n<ul>\n<li><strong>BOHUSLAV MARTIN\u016e, <\/strong><em>Concertino f\u00fcr Klaviertrio und Streichorchester H. 232<br \/><\/em>Trio Ernest<br \/>&#8211; Stanislas Gosset, Violine<br \/>&#8211; Cl\u00e9ment Dami, Violoncello<br \/>&#8211; Natasha Roque Alsina, Klavier\n<p><strong>CAMILLE SAINT-SA\u00cbNS,  <\/strong><em>La Muse et le Po\u00e8te op. 132 (arr. David Walter)   <br \/><\/em><span>&#8211; Sherzod Abdiev, Violine <br \/>&#8211; N. N., Violoncello<\/span><\/p>\n<p><em><\/em><strong>GRA\u017bYNA BACEWICZ, <\/strong><em>Konzert f\u00fcr Streichorchester <\/em> <\/p>\n<p><em><\/em><strong>F\u00c9LIX MENDELSSOHN, <\/strong><em>Konzert f\u00fcr Klavier, Violine und Streicher MWV 04<br \/><\/em>&#8211; Ekaterina Bonushkina, Klavier<br \/>&#8211; Maksym Synytskyi, Violine<\/p>\n<\/li>\n<\/ul>\n<p>[\/et_pb_text][\/et_pb_column][\/et_pb_row][et_pb_row _builder_version=&#8220;4.27.0&#8243; _module_preset=&#8220;default&#8220; locked=&#8220;off&#8220; global_colors_info=&#8220;{}&#8220;][et_pb_column type=&#8220;4_4&#8243; _builder_version=&#8220;4.27.0&#8243; _module_preset=&#8220;default&#8220; global_colors_info=&#8220;{}&#8220;][et_pb_text _builder_version=&#8220;4.27.0&#8243; text_orientation=&#8220;center&#8220; custom_padding=&#8220;||1px|||&#8220; global_colors_info=&#8220;{}&#8220;]<\/p>\n<h2 style=\"text-align: right;\">2024<\/h2>\n<p>[\/et_pb_text][\/et_pb_column][\/et_pb_row][et_pb_row column_structure=&#8220;1_3,1_3,1_3&#8243; _builder_version=&#8220;4.16&#8243; min_height=&#8220;146px&#8220; global_colors_info=&#8220;{}&#8220;][et_pb_column type=&#8220;1_3&#8243; _builder_version=&#8220;4.16&#8243; global_colors_info=&#8220;{}&#8220;][et_pb_text module_class=&#8220;programme&#8220; _builder_version=&#8220;4.16&#8243; locked=&#8220;off&#8220; global_colors_info=&#8220;{}&#8220;]<\/p>\n<h3 style=\"text-align: left;\">Donnerstag, 25. Januar 2024 20 Uhr, Franz-Liszt-Saal des CMG<\/h3>\n<blockquote>\n<h3 style=\"text-align: left;\">mit Dominique Reymond, Schauspielerin<\/h3>\n<\/blockquote>\n<ul>\n<li><strong>Joseph Haydn, <\/strong>Ausz\u00fcge aus den Trios Hob. XV:7, XV:12, XV:29 und XV:31  <\/li>\n<li><strong>Johannes brahms,<\/strong> Immer leiser wird mein schlummer op.105 Nr.2 (arr. Carlos Roque Alsina)  <\/li>\n<li><strong>Jacqueline Fontyn, <\/strong>Ausz\u00fcge aus Lieber Joseph!  <\/li>\n<\/ul>\n<p>[\/et_pb_text][\/et_pb_column][et_pb_column type=&#8220;1_3&#8243; _builder_version=&#8220;4.16&#8243; global_colors_info=&#8220;{}&#8220;][et_pb_text module_class=&#8220;programme&#8220; _builder_version=&#8220;4.27.0&#8243; locked=&#8220;off&#8220; global_colors_info=&#8220;{}&#8220;]<\/p>\n<h3 style=\"text-align: left;\">Freitag, 14. Juni 2024 20 Uhr, Bartholoni-Saal des CMG<\/h3>\n<h3 style=\"text-align: left;\">mit <a href=\"https:\/\/clemencedeforceville.com\/fr\/\" target=\"_blank\" rel=\"noopener noreferrer\">Cl\u00e9mence de Forceville<\/a>, Violine<\/h3>\n<p>&nbsp;<\/p>\n<ul>\n<li><strong>C\u00e9cile Chaminade, <\/strong>Trio n\u00b02 en la mineur<\/li>\n<li><strong>MAurice Ravel,<\/strong> Tzigane<\/li>\n<li><strong>Leos Janacek, <\/strong>Sonate pour violon et piano<\/li>\n<li><strong>Antonin dvorak, <\/strong>Bagatelles op. 47<\/li>\n<\/ul>\n<p style=\"text-align: center;\">\n<p>[\/et_pb_text][\/et_pb_column][et_pb_column type=&#8220;1_3&#8243; _builder_version=&#8220;4.16&#8243; global_colors_info=&#8220;{}&#8220;][et_pb_text module_class=&#8220;programme&#8220; _builder_version=&#8220;4.16&#8243; custom_padding=&#8220;||0px|||&#8220; locked=&#8220;off&#8220; global_colors_info=&#8220;{}&#8220;]<\/p>\n<h3 style=\"text-align: left;\">Mittwoch, 6. November 2024 20.00 Uhr, Bartholoni-Saal des CMG<\/h3>\n<h3 style=\"text-align: left;\">mit H\u00e9lo\u00efse Luzzati, Cello und k\u00fcnstlerische Leitung, und <a href=\"https:\/\/www.fionamcgown.com\/\" target=\"_blank\" rel=\"noopener noreferrer\">Fiona McGown<\/a>, Mezzosopran<\/h3>\n<blockquote><\/blockquote>\n<ul>\n<li><strong>pauline viardot, <\/strong>Die Stern, La Nuit<\/li>\n<li><strong>Fred de Faye Jozin,<\/strong> Mirage, In der H\u00f6hle der Meerjungfrauen<\/li>\n<li><strong>Isabelle Prat Delage, <\/strong>Der Zigeuner im Mond<\/li>\n<li><strong>Hedwige Chr\u00e9tien, <\/strong>Fanatismus<\/li>\n<li><strong>Mel Bonis , <\/strong>El\u00e8ve-toi mon \u00e2me, Nocturne<\/li>\n<li><strong>CP Simon, <\/strong>Slawisches Lied<\/li>\n<li><strong>Simone Blanchard, <\/strong>Innere Stimme<\/li>\n<li><strong>Marcelle de Manziarly, <\/strong>Trio<\/li>\n<\/ul>\n<p>[\/et_pb_text][\/et_pb_column][\/et_pb_row][et_pb_row _builder_version=&#8220;4.27.0&#8243; _module_preset=&#8220;default&#8220; global_colors_info=&#8220;{}&#8220;][et_pb_column type=&#8220;4_4&#8243; _builder_version=&#8220;4.27.0&#8243; _module_preset=&#8220;default&#8220; global_colors_info=&#8220;{}&#8220;][et_pb_text _builder_version=&#8220;4.16&#8243; text_orientation=&#8220;center&#8220; custom_padding=&#8220;||1px|||&#8220; global_colors_info=&#8220;{}&#8220;]<\/p>\n<h2>2023<\/h2>\n<p>[\/et_pb_text][\/et_pb_column][\/et_pb_row][et_pb_row column_structure=&#8220;1_3,1_3,1_3&#8243; _builder_version=&#8220;4.16&#8243; min_height=&#8220;146px&#8220; global_colors_info=&#8220;{}&#8220;][et_pb_column type=&#8220;1_3&#8243; _builder_version=&#8220;4.16&#8243; global_colors_info=&#8220;{}&#8220;][et_pb_text module_class=&#8220;programme&#8220; _builder_version=&#8220;4.16&#8243; locked=&#8220;off&#8220; global_colors_info=&#8220;{}&#8220;]<\/p>\n<h3>Donnerstag, 9. M\u00e4rz 2023 20 Uhr, Bartholoni-Saal des CMG<\/h3>\n<h3>mit <a href=\"https:\/\/www.damienbachmann.ch\/fr\/\"><br \/>\n  <u>Fran\u00e7ois-Xavier Poizat<\/u><br \/>\n<\/a>, Klavier<\/h3>\n<p>&nbsp;<\/p>\n<ul>\n<li><strong>Beethoven, <\/strong>Trio op.1 n2 <span style=\"color: #e6332a;\">\/\/ 30&#8242;<\/span><\/li>\n<li><strong>Liszt,<\/strong><span style=\"font-family: inherit; font-weight: normal;\"> aus den Pilgerjahren (Schweiz) <span style=\"color: #e6332a;\">\/\/ 8<\/span><\/span><span style=\"font-family: inherit; font-weight: normal;\"><br \/>\n  <span style=\"color: #e6332a;\">&#8218;<\/span><br \/>\n<\/span><\/li>\n<li><strong style=\"font-size: 18px;\">Chopin<\/strong><span style=\"font-size: 18px;\">Polonaise Eroica op.53<\/span><span face=\"brandon_reg_it\" style=\"font-size: 18px;\">  <\/span><span style=\"font-size: 18px; color: #e6332a;\">\/\/ 8&#8242;<\/span><\/li>\n<li><strong>Ravel<\/strong><span>Ondine (aus Gaspard de la Nuit) <span style=\"color: #e6332a;\">\/\/ 7&#8242;<\/span>.<\/span><\/li>\n<li><span><span style=\"color: #e6332a;\"><span style=\"color: #000000;\"><strong>H.Berens<\/strong>, Gesellschaft&#8217;s Quartett op. 72 n 3<\/span>  \/\/ 20&#8242;<\/span><\/span><\/li>\n<\/ul>\n<p>[\/et_pb_text][\/et_pb_column][et_pb_column type=&#8220;1_3&#8243; _builder_version=&#8220;4.16&#8243; global_colors_info=&#8220;{}&#8220;][et_pb_text module_class=&#8220;programme&#8220; _builder_version=&#8220;4.16&#8243; locked=&#8220;off&#8220; global_colors_info=&#8220;{}&#8220;]<\/p>\n<h3>Donnerstag, 1. Juni 2023 20 Uhr, Bartholoni-Saal des CMG<\/h3>\n<h3>mit <a href=\"https:\/\/simonegramaglia.it\/\"><br \/>\n  <u>Simone Gramaglia<\/u><br \/>\n<\/a>Viola<\/h3>\n<p>&nbsp;<\/p>\n<ul>\n<li><strong>Beethoven, <\/strong>Streichtrio op.9 n 1 <span style=\"color: #e6332a;\">\/\/ 25&#8242;<\/span><\/li>\n<li><strong>Bartok,<\/strong><span style=\"font-family: inherit; font-weight: normal;\"> Divertimento f\u00fcr Streicher (arr. Didier Puntos, Auftrag des Ernest Trios ) <span style=\"color: #e6332a;\">\/\/ 25<\/span><\/span><span style=\"font-family: inherit; font-weight: normal;\"><br \/>\n  <span style=\"color: #e6332a;\">&#8218;<\/span><br \/>\n<\/span><\/li>\n<li><strong style=\"font-size: 18px;\">Mozart<\/strong><span style=\"font-size: 18px;\">Klavierquartett Nr. 2 in Eb M<\/span><span face=\"brandon_reg_it\" style=\"font-size: 18px;\"> <\/span><span style=\"font-size: 18px; color: #e6332a;\">\/\/ 30&#8242;<\/span><\/li>\n<\/ul>\n<p style=\"text-align: center;\">\n<p>[\/et_pb_text][\/et_pb_column][et_pb_column type=&#8220;1_3&#8243; _builder_version=&#8220;4.16&#8243; global_colors_info=&#8220;{}&#8220;][et_pb_text module_class=&#8220;programme&#8220; _builder_version=&#8220;4.16&#8243; custom_padding=&#8220;||0px|||&#8220; locked=&#8220;off&#8220; global_colors_info=&#8220;{}&#8220;]<\/p>\n<h3>Freitag, 6. Oktober 2023 20 Uhr, Bartholoni-Saal des CMG<\/h3>\n<blockquote>\n<h3>mit <a href=\"https:\/\/www.clemencetilquin.com\/\">Cl\u00e9mence Tilquin<\/a>, Sopran<\/h3>\n<\/blockquote>\n<ul>\n<li><strong>SCHUBERT, <\/strong>Notturno D.897 <span style=\"color: #e6332a;\">\/\/ 12&#8242;<\/span><\/li>\n<li><strong>SIMONE BLANCHARD,<\/strong><span style=\"font-family: inherit; font-weight: normal;\"> Innere Stimme <span style=\"color: #e6332a;\">\/\/ 4<\/span><\/span><span style=\"font-family: inherit; font-weight: normal;\"><br \/>\n  <span style=\"color: #e6332a;\">&#8218;<\/span><br \/>\n<\/span><\/li>\n<li><span face=\"brandon_bld\" style=\"font-family: brandon_bld;\"><br \/>\n  <span style=\"text-transform: uppercase;\"><br \/>\n    <b>Schubert<\/b><br \/>\n  <\/span><br \/>\n<\/span>Ausz\u00fcge aus der Winterreise D.911 (Bearbeitung f\u00fcr Gesang und Klaviertrio von Daniel Behle)<span face=\"brandon_reg_it\" style=\"font-size: 18px;\"> <\/span> \/\/<span style=\"font-size: 18px; color: #e6332a;\"> 40&#8242;<\/span><\/li>\n<\/ul>\n<p>[\/et_pb_text][\/et_pb_column][\/et_pb_row][et_pb_row _builder_version=&#8220;4.16&#8243; global_colors_info=&#8220;{}&#8220;][et_pb_column type=&#8220;4_4&#8243; _builder_version=&#8220;4.16&#8243; global_colors_info=&#8220;{}&#8220;][et_pb_text _builder_version=&#8220;4.16&#8243; text_orientation=&#8220;center&#8220; global_colors_info=&#8220;{}&#8220;]<\/p>\n<h2>2022<\/h2>\n<p>[\/et_pb_text][\/et_pb_column][\/et_pb_row][et_pb_row column_structure=&#8220;1_3,1_3,1_3&#8243; _builder_version=&#8220;4.16&#8243; global_colors_info=&#8220;{}&#8220;][et_pb_column type=&#8220;1_3&#8243; _builder_version=&#8220;4.16&#8243; global_colors_info=&#8220;{}&#8220;][et_pb_text module_class=&#8220;programme&#8220; _builder_version=&#8220;4.16&#8243; width=&#8220;100%&#8220; global_colors_info=&#8220;{}&#8220;]<\/p>\n<h3>Mittwoch, 23. M\u00e4rz 2022 20 Uhr, Bienensaal des Palais de l&#8217;Ath\u00e9n\u00e9e<\/h3>\n<h3>mit <span style=\"text-decoration: underline;\">Luka Ispir,<\/span> Violine und <span style=\"text-decoration: underline;\">Elaine Ng<\/span>, Viola<span style=\"text-decoration: underline;\"><\/span><\/h3>\n<ul>\n<li><strong>Enescu<\/strong>, <span face=\"brandon_reg_it\">Trio Nr. 2 in a-Moll <\/span><span style=\"color: #e6332a;\">\/\/ 20&#8242;<\/span><\/li>\n<li><strong style=\"font-size: 18px;\">Schumann<\/strong><span style=\"font-size: 18px;\">, <\/span><span style=\"font-size: 18px;\"> Ausz\u00fcge aus den Kinderszenen Op.15 (trans. f\u00fcr Streichquartett) <span style=\"color: #e6332a;\">\/\/ 10&#8242;<\/span><\/span><\/li>\n<li><span style=\"color: #000000;\"><strong>Schumann<\/strong>, <span>Quintett f\u00fcr Klavier und Streicher Op.44 <span style=\"color: #e6332a;\">\/\/ 30&#8242;<\/span><\/span><\/span><\/li>\n<\/ul>\n<p><span style=\"font-size: 18px;\"><\/span><\/p>\n<p>[\/et_pb_text][\/et_pb_column][et_pb_column type=&#8220;1_3&#8243; _builder_version=&#8220;4.16&#8243; global_colors_info=&#8220;{}&#8220;][et_pb_text module_class=&#8220;programme&#8220; _builder_version=&#8220;4.16&#8243; global_colors_info=&#8220;{}&#8220;]<\/p>\n<h3>Mittwoch, 11. Mai 2022 20 Uhr, Bienensaal des Palais de l&#8217;Ath\u00e9n\u00e9e<\/h3>\n<h3>mit <u><br \/>\n  <a href=\"http:\/\/www.vassilenaserafimova.com\/biography?lang=2\">Vassilena Serafimova<\/a><br \/>\n<\/u>, Perkussion<span style=\"text-decoration: underline;\"><\/span><\/h3>\n<ul>\n<li><strong>Schubert<\/strong>, <span face=\"brandon_reg_it\">Trio op.99 Nr.1 <\/span><span style=\"color: #e6332a;\">\/\/ 35&#8242;<\/span><span style=\"color: #e6332a;\"><\/span><span style=\"color: #e6332a;\"><\/span><br \/> <span style=\"color: #e6332a;\"><\/span><\/li>\n<li><span color=\"#e6332a\" style=\"color: #e6332a;\"><span style=\"color: #000000;\"><strong>Bach<\/strong>,<\/span> <span style=\"color: #000000;\">Chaconne aus der Partita Nr. 2 f\u00fcr Violine, Bearbeitung f\u00fcr Marimba<\/span> \/\/ 13&#8242;<\/span><\/li>\n<li><span color=\"#e6332a\" style=\"color: #e6332a;\"><span style=\"color: #000000;\"><strong>V. Serafimova<\/strong>, Miroirs, f\u00fcr Marimba<\/span> \/\/ 6&#8242;<\/span><\/li>\n<li><strong style=\"font-size: 18px;\">Crumb<\/strong><span style=\"font-size: 18px;\">, <\/span><span style=\"font-size: 18px;\"> Dream Sequence f\u00fcr Klaviertrio, Perkussion und Glasharmonika <span style=\"color: #e6332a;\">\/\/ 15&#8242;<\/span><\/span><\/li>\n<\/ul>\n<p>&nbsp;<\/p>\n<p>[\/et_pb_text][\/et_pb_column][et_pb_column type=&#8220;1_3&#8243; _builder_version=&#8220;4.16&#8243; global_colors_info=&#8220;{}&#8220;][et_pb_text module_class=&#8220;programme&#8220; _builder_version=&#8220;4.16&#8243; min_height=&#8220;224px&#8220; custom_margin=&#8220;1px|||||&#8220; global_colors_info=&#8220;{}&#8220;]<\/p>\n<p> <span style=\"color: #e6332a; font-family: brandon_bld_it; font-size: 21px;\">Donnerstag, 10. November 2022 20 Uhr, Bartholoni-Saal des CMG<\/span><\/p>\n<h3>mit <a href=\"https:\/\/www.damienbachmann.ch\/fr\/\"><br \/>\n  <u>Damien Bachmann<\/u><br \/>\n<\/a>, Klarinette<\/h3>\n<ul>\n<li><strong>Poulenc, <\/strong>Sonate f\u00fcr Klarinette und Klavier <span>\/\/ 15&#8242;<\/span><\/li>\n<li><strong>B\u00e9la Kovacs,<\/strong><span>  After you Herr. Gershwin \/\/ 4&#8242;<\/span><\/li>\n<li><strong>Messiaen,<\/strong><span>Quatuor pour la fin du temps (Quartett f\u00fcr das Ende der Zeit)<\/span><span face=\"brandon_reg_it\"> <\/span><span>\/\/ 50&#8242;<\/span><\/li>\n<\/ul>\n<p>&nbsp;<\/p>\n<p>[\/et_pb_text][\/et_pb_column][\/et_pb_row][et_pb_row _builder_version=&#8220;4.16&#8243; global_colors_info=&#8220;{}&#8220;][et_pb_column type=&#8220;4_4&#8243; _builder_version=&#8220;4.16&#8243; global_colors_info=&#8220;{}&#8220;][et_pb_text _builder_version=&#8220;4.16&#8243; text_orientation=&#8220;center&#8220; global_colors_info=&#8220;{}&#8220;]<\/p>\n<h2>2021<\/h2>\n<p>[\/et_pb_text][\/et_pb_column][\/et_pb_row][et_pb_row column_structure=&#8220;1_3,1_3,1_3&#8243; _builder_version=&#8220;4.16&#8243; global_colors_info=&#8220;{}&#8220;][et_pb_column type=&#8220;1_3&#8243; _builder_version=&#8220;4.16&#8243; global_colors_info=&#8220;{}&#8220;][et_pb_text module_class=&#8220;programme&#8220; _builder_version=&#8220;4.16&#8243; custom_padding=&#8220;||0px|||&#8220; global_colors_info=&#8220;{}&#8220;]<\/p>\n<h3><\/h3>\n<p> <span style=\"color: #e6332a; font-family: brandon_bld_it; font-size: 21px;\">Montag, 15. M\u00e4rz 2021 20 Uhr mit <\/span><span style=\"color: #e6332a; font-family: brandon_bld_it; font-size: 21px; text-decoration-line: underline;\"><br \/>\n  <a href=\"https:\/\/www.mozartitaliaterni.org\/en\/patrick-juedt\">Patrick J\u00fcdt<\/a><br \/>\n<\/span><span style=\"color: #e6332a; font-family: brandon_bld_it; font-size: 21px;\"> Bratsche<\/span><\/p>\n<h3><span style=\"text-decoration: underline;\"><\/span><\/h3>\n<ul>\n<li><strong>Schumann<\/strong>,  <span face=\"brandon_reg_it\" style=\"font-family: brandon_reg_it;\">Trio Nr. 3 op. 110  <\/span><span style=\"color: #e6332a;\">\/\/ 28&#8242;<\/span><\/li>\n<li><strong>Brahms<\/strong>,  <span face=\"brandon_reg_it\" style=\"font-family: brandon_reg_it;\">Klavierquartett Nr. 3 op. 60  <\/span> <span style=\"color: #e6332a;\">\/\/ 33&#8242;<\/span><span style=\"color: #e6332a;\"><\/span><\/li>\n<\/ul>\n<p><span color=\"#000000\" style=\"color: #000000;\"><\/span><\/p>\n<p>[\/et_pb_text][\/et_pb_column][et_pb_column type=&#8220;1_3&#8243; _builder_version=&#8220;4.16&#8243; global_colors_info=&#8220;{}&#8220;][et_pb_text module_class=&#8220;programme&#8220; _builder_version=&#8220;4.16&#8243; global_colors_info=&#8220;{}&#8220;]<\/p>\n<h3>Sonntag, 9. Mai 2021 18h mit <a href=\"https:\/\/www.gabrielpidoux.com\/\" target=\"_blank\" rel=\"noopener noreferrer\"><br \/>\n  <span style=\"text-decoration: underline;\">Gabriel Pidoux,<\/span><br \/>\n<\/a> Oboe<span style=\"text-decoration: underline;\"><\/span><\/h3>\n<ul>\n<li><strong>Haydn<\/strong>, <span face=\"brandon_reg_it\">Trio in Es-Dur <\/span><span style=\"color: #e6332a;\">\/\/ 15&#8242;<\/span><span><\/span><\/li>\n<li><span style=\"color: #e6332a;\"><span style=\"color: #000000;\"><strong>H\u00e4ndel<\/strong>, Triosonate op. 2 n\u00b01  <\/span>\/\/ 12&#8242;  <\/span><\/li>\n<li><strong>Roque Alsina<\/strong>, Trio 2019 &#8222;Quasi Figurativo&#8220; <span style=\"color: #e6332a;\">\/\/ 12&#8242;<\/span><\/li>\n<li><span style=\"color: #000000;\"><strong>Beethoven<\/strong>, Variationen \u00fcber &#8222;L\u00e0 ci darem la mano&#8220; WoO 28<span style=\"color: #e6332a;\"> \/\/ 10&#8242;<\/span><\/span><\/li>\n<li><strong>Martinu,<\/strong> Quartett f\u00fcr Oboe, Violine, Violoncello und Klavier H.315 <span style=\"color: #e6332a;\">\/\/ 12&#8242;<\/span><\/li>\n<\/ul>\n<p>[\/et_pb_text][\/et_pb_column][et_pb_column type=&#8220;1_3&#8243; _builder_version=&#8220;4.16&#8243; global_colors_info=&#8220;{}&#8220;][et_pb_text module_class=&#8220;programme&#8220; _builder_version=&#8220;4.16&#8243; custom_padding=&#8220;|80px|0px|||&#8220; global_colors_info=&#8220;{}&#8220;]<\/p>\n<h3><\/h3>\n<p><span style=\"text-decoration: underline;\"><\/span><\/p>\n<h3>Montag, 27. September 2021 20 Uhr mit <span style=\"text-decoration: underline;\"><br \/>\n  <a href=\"https:\/\/fr.wikipedia.org\/wiki\/Patrick_Genet\" target=\"_blank\" rel=\"noopener noreferrer\">Patrick Genet,<\/a><br \/>\n<\/span> Geige  <span style=\"text-decoration: underline;\"><\/span><\/h3>\n<ul>\n<li><span face=\"brandon_reg_it\" style=\"font-family: brandon_reg_it;\"><strong>Chausson, <\/strong>Trio op. 3 <span style=\"color: #e6332a;\">\/\/ 30&#8242;<\/span><\/span><\/li>\n<li><span face=\"brandon_reg_it\" style=\"font-family: brandon_reg_it;\"><strong>Korngold<\/strong>, Suite f\u00fcr zwei Violinen, Violoncello und Klavier op. 23 <span style=\"color: #e6332a;\">\/\/ 38&#8242;<\/span><\/span><span style=\"color: #e6332a;\"> <\/span><\/li>\n<\/ul>\n<p>[\/et_pb_text][\/et_pb_column][\/et_pb_row][et_pb_row _builder_version=&#8220;4.16&#8243; locked=&#8220;off&#8220; global_colors_info=&#8220;{}&#8220;][et_pb_column type=&#8220;4_4&#8243; _builder_version=&#8220;4.16&#8243; global_colors_info=&#8220;{}&#8220;][et_pb_image src=&#8220;https:\/\/www.ernestpianotrio.com\/wp-content\/uploads\/\/2020\/01\/sep-prog.svg&#8220; _builder_version=&#8220;4.16&#8243; width=&#8220;50%&#8220; width_tablet=&#8220;80%&#8220; width_phone=&#8220;&#8220; width_last_edited=&#8220;on|phone&#8220; module_alignment=&#8220;center&#8220; global_colors_info=&#8220;{}&#8220;][\/et_pb_image][\/et_pb_column][\/et_pb_row][et_pb_row column_structure=&#8220;1_4,3_4&#8243; _builder_version=&#8220;4.16&#8243; custom_padding=&#8220;||0px|||&#8220; global_colors_info=&#8220;{}&#8220;][et_pb_column type=&#8220;1_4&#8243; _builder_version=&#8220;4.16&#8243; global_colors_info=&#8220;{}&#8220;][et_pb_image src=&#8220;https:\/\/www.ernestpianotrio.com\/wp-content\/uploads\/2021\/02\/Logo-les-Fieff\u00e9s-fond-blanc-1024&#215;472.png&#8220; align=&#8220;center&#8220; _builder_version=&#8220;4.16&#8243; global_colors_info=&#8220;{}&#8220;][\/et_pb_image][\/et_pb_column][et_pb_column type=&#8220;3_4&#8243; _builder_version=&#8220;4.16&#8243; global_colors_info=&#8220;{}&#8220;][et_pb_text _builder_version=&#8220;4.16&#8243; global_colors_info=&#8220;{}&#8220;]<\/p>\n<p>Das 2015 von seinem k\u00fcnstlerischen Leiter Stanislas Gosset, dem Geiger des Trio Ernest, gegr\u00fcndete Kammermusikfestival in Cotentin &#8222;Les Fieff\u00e9s Musiciens&#8220; hat sich dank seiner &#8222;genialen K\u00fchnheit&#8220; und seines reichhaltigen Programms schnell einen Namen in der reichen franz\u00f6sischen Musiklandschaft gemacht. Das Trio Ernest ist nat\u00fcrlich zu einem privilegierten Partner des Festivals geworden und hat das Gl\u00fcck, jedes Jahr ein oder mehrere Programme vom Typ &#8222;Carte Blanche&#8220; anbieten zu k\u00f6nnen.  <a href=\"http:\/\/www.lesfieffesmusiciens.com\/\" target=\"_blank\" rel=\"noopener noreferrer\">Weitere Informationen.<\/a><\/p>\n<p>&nbsp;<\/p>\n<p>[\/et_pb_text][\/et_pb_column][\/et_pb_row][et_pb_row _builder_version=&#8220;4.16&#8243; locked=&#8220;off&#8220; global_colors_info=&#8220;{}&#8220;][et_pb_column type=&#8220;4_4&#8243; _builder_version=&#8220;4.16&#8243; global_colors_info=&#8220;{}&#8220;][et_pb_image src=&#8220;https:\/\/www.ernestpianotrio.com\/wp-content\/uploads\/\/2020\/01\/sep-prog.svg&#8220; _builder_version=&#8220;4.16&#8243; width=&#8220;50%&#8220; width_tablet=&#8220;80%&#8220; width_phone=&#8220;&#8220; width_last_edited=&#8220;on|phone&#8220; module_alignment=&#8220;center&#8220; global_colors_info=&#8220;{}&#8220;][\/et_pb_image][\/et_pb_column][\/et_pb_row][et_pb_row column_structure=&#8220;1_4,3_4&#8243; _builder_version=&#8220;4.16&#8243; min_height=&#8220;146px&#8220; global_colors_info=&#8220;{}&#8220;][et_pb_column type=&#8220;1_4&#8243; _builder_version=&#8220;4.16&#8243; global_colors_info=&#8220;{}&#8220;][et_pb_image src=&#8220;https:\/\/www.ernestpianotrio.com\/wp-content\/uploads\/2020\/06\/Ernest-part-en-live-transparent-300&#215;211.png&#8220; align=&#8220;center&#8220; _builder_version=&#8220;4.16&#8243; global_colors_info=&#8220;{}&#8220;][\/et_pb_image][\/et_pb_column][et_pb_column type=&#8220;3_4&#8243; _builder_version=&#8220;4.16&#8243; global_colors_info=&#8220;{}&#8220;][et_pb_text _builder_version=&#8220;4.16&#8243; custom_padding=&#8220;||3px|||&#8220; global_colors_info=&#8220;{}&#8220;]<\/p>\n<p>Da das Trio wie viele andere Ensembles von der Pandemiekrise betroffen war, beschloss es, sechs Konzerte zu organisieren, die per Video-Streaming \u00fcbertragen wurden, und \u00fcbernahm die k\u00fcnstlerische Leitung und Produktion. F\u00fcr diese Konzerte gibt es einen Kartenverkauf und eine Live-Aufnahme, um die Bedingungen eines klassischen Konzerts so genau wie m\u00f6glich nachzubilden. Das Trio l\u00e4dt zu diesem Anlass zahlreiche renommierte Musiker ein: den S\u00e4nger Stephan Macleod, die Cellistin Oph\u00e9lie Gaillard, die Bratschistinnen No\u00e9mie Bialobroda und Caroline Cohen-Adad, den Geiger Patrick Genet und das Juventutti-Orchester. Dieses Unternehmen wurde von einer privaten Genfer Stiftung unterst\u00fctzt.<\/p>\n<p>[\/et_pb_text][\/et_pb_column][\/et_pb_row][\/et_pb_section]<\/p>\n","protected":false},"excerpt":{"rendered":"<p>Das Trio Ernest hat seine eigene Konzertreihe in Genf gegr\u00fcndet, bei der es die k\u00fcnstlerische Leitung und die Produktion mit Unterst\u00fctzung der Stadt Genf, der Loterie Romande und der Schweizerischen [&hellip;]<\/p>\n","protected":false},"author":3,"featured_media":0,"parent":0,"menu_order":0,"comment_status":"closed","ping_status":"closed","template":"","meta":{"_et_pb_use_builder":"on","_et_pb_old_content":"","_et_gb_content_width":"","footnotes":""},"class_list":["post-1525","page","type-page","status-publish","hentry"],"_links":{"self":[{"href":"https:\/\/www.ernestpianotrio.com\/de\/wp-json\/wp\/v2\/pages\/1525","targetHints":{"allow":["GET"]}}],"collection":[{"href":"https:\/\/www.ernestpianotrio.com\/de\/wp-json\/wp\/v2\/pages"}],"about":[{"href":"https:\/\/www.ernestpianotrio.com\/de\/wp-json\/wp\/v2\/types\/page"}],"author":[{"embeddable":true,"href":"https:\/\/www.ernestpianotrio.com\/de\/wp-json\/wp\/v2\/users\/3"}],"replies":[{"embeddable":true,"href":"https:\/\/www.ernestpianotrio.com\/de\/wp-json\/wp\/v2\/comments?post=1525"}],"version-history":[{"count":61,"href":"https:\/\/www.ernestpianotrio.com\/de\/wp-json\/wp\/v2\/pages\/1525\/revisions"}],"predecessor-version":[{"id":3595,"href":"https:\/\/www.ernestpianotrio.com\/de\/wp-json\/wp\/v2\/pages\/1525\/revisions\/3595"}],"wp:attachment":[{"href":"https:\/\/www.ernestpianotrio.com\/de\/wp-json\/wp\/v2\/media?parent=1525"}],"curies":[{"name":"wp","href":"https:\/\/api.w.org\/{rel}","templated":true}]}}